{"id":2177,"date":"2025-02-06T01:45:03","date_gmt":"2025-02-06T00:45:03","guid":{"rendered":"https:\/\/dentalsantandreu.com\/?page_id=2177"},"modified":"2025-02-14T18:10:36","modified_gmt":"2025-02-14T17:10:36","slug":"politica-de-privacitat","status":"publish","type":"page","link":"https:\/\/dentalsantandreu.com\/es\/politica-de-privacitat\/","title":{"rendered":"Pol\u00edtica de Privacidad"},"content":{"rendered":"<div data-elementor-type=\"wp-page\" data-elementor-id=\"2177\" class=\"elementor elementor-2177\">\n\t\t\t\t<div class=\"elementor-element elementor-element-19cf75f e-con-full e-flex e-con e-parent\" data-id=\"19cf75f\" data-element_type=\"container\" data-settings=\"{&quot;background_background&quot;:&quot;classic&quot;}\">\n\t\t\t\t<\/div>\n\t\t<div class=\"elementor-element elementor-element-c1ce0cb e-con-full e-flex e-con e-parent\" data-id=\"c1ce0cb\" data-element_type=\"container\" data-settings=\"{&quot;background_background&quot;:&quot;classic&quot;}\">\n\t\t\t\t<div class=\"elementor-element elementor-element-91d07d7 elementor-widget elementor-widget-text-editor\" data-id=\"91d07d7\" data-element_type=\"widget\" data-widget_type=\"text-editor.default\">\n\t\t\t\t<div class=\"elementor-widget-container\">\n\t\t\t\t\t\t\t\t\t<div class=\"row\">\n<div class=\"col-xl-10 mx-auto\">\n<div class=\"paper\"><header class=\"text-center\">\n<h2 class=\"m-auto\" style=\"color: white;\">POL\u00cdTICA DE PRIVACITAT DEL LLOC WEB<\/h2>\n<h4><span class=\"blanc-space ng-binding\" style=\"color: white;\">https:\/\/dentalsantandreu.com\/<\/span><\/h4>\n<\/header>\n<div>\n<h3 style=\"color: white;\">I. POL\u00cdTICA DE PRIVACITAT I PROTECCI\u00d3 DE DADES<\/h3>\nRespectant el que estableix la legislaci\u00f3 vigent, <span class=\"blanc-space ng-binding\">Dental Sant Andreu<\/span> (en endavant, tamb\u00e9 Lloc Web) es compromet a adoptar les mesures t\u00e8cniques i organitzatives necess\u00e0ries, segons el nivell de seguretat adequat al risc de les dades recollides.\n<h4 style=\"color: white;\">Lleis que incorpora aquesta pol\u00edtica de privacitat<\/h4>\nAquesta pol\u00edtica de privacitat est\u00e0 adaptada a la normativa espanyola i europea vigent en mat\u00e8ria de protecci\u00f3 de dades personals a internet. Concretament, respecta les seg\u00fcents normes:\n<ul>\n \t<li>El Reglament (UE) 2016\/679 del Parlament Europeu i del Consell, de 27 d&#8217;abril de 2016, relatiu a la protecci\u00f3 de les persones f\u00edsiques pel que fa al tractament de dades personals i a la lliure circulaci\u00f3 d&#8217;aquestes dades (RGPD).<\/li>\n \t<li>La Llei Org\u00e0nica 3\/2018, de 5 de desembre, de Protecci\u00f3 de Dades Personals i garantia dels drets digitals (LOPD-GDD).<\/li>\n \t<li>El Reial decret 1720\/2007, de 21 de desembre, pel qual s&#8217;aprova el Reglament de desenvolupament de la Llei Org\u00e0nica 15\/1999, de 13 de desembre, de Protecci\u00f3 de Dades de Car\u00e0cter Personal (RDLOPD).<\/li>\n \t<li>La Llei 34\/2002, de 11 de juliol, de Serveis de la Societat de la Informaci\u00f3 i de Comer\u00e7 Electr\u00f2nic (LSSI-CE).<\/li>\n<\/ul>\n<h4 style=\"color: white;\">Identitat del responsable del tractament de les dades personals<\/h4>\n<p class=\"ng-hide\">El responsable del tractament de les dades personals recollides a <span class=\"blanc-space ng-binding\">Dental Sant Andreu<\/span> \u00e9s: , amb NIF: (en endavant, Responsable del tractament). Els seus dades de contacte s\u00f3n els seg\u00fcents:<\/p>\n<p class=\"\">El responsable del tractament de les dades personals recollides a <span class=\"blanc-space ng-binding\">Dental Sant Andreu<\/span> \u00e9s: <span class=\"blanc-space ng-binding\">CENTRE DENTAL SANT ANDREU S.L.<\/span>, provista de NIF\/CIF: <span class=\"blanc-space ng-binding\">B-66296179<\/span> i inscrit a: <span class=\"blanc-space ng-binding\">Registre Mercantil de Barcelona<\/span> amb els seg\u00fcents dades registrals: <span class=\"blanc-space ng-binding\">Tomo 44383, P\u00e0gina 40, Fulla B-454487<\/span>, el qual representat per: <span class=\"blanc-space ng-binding\">Sergio Ramos Verdegay<\/span> (en endavant, Responsable del tractament). Els seus dades de contacte s\u00f3n els seg\u00fcents:<\/p>\nAdre\u00e7a: <span class=\"blanc-space ng-binding\">Gran de Sant Andreu 56, 08030 Barcelona(Barcelona)<\/span>\n\nTel\u00e8fon de contacte: <span class=\"blanc-space ng-binding\">932229000<\/span>\n<p class=\"ng-hide\">Fax:<\/p>\nEmail de contacte: <span class=\"blanc-space ng-binding\">gerencia@dentalsantandreu.com<\/span>\n<h4 style=\"color: white;\">Registre de Dades de Car\u00e0cter Personal<\/h4>\nEn compliment del que establix el RGPD i la LOPD-GDD, li informem que les dades personals recollides per <span class=\"blanc-space ng-binding\">Dental Sant Andreu<\/span>, mitjan\u00e7ant els formularis esteses a les seves p\u00e0gines quedaran incorporades i seran tractades al nostre fitxer amb la finalitat de poder facilitar, agilitzar i complir els compromisos establerts entre <span class=\"blanc-space ng-binding\">Dental Sant Andreu<\/span> i l&#8217;Usuari o el manteniment de la relaci\u00f3 que s&#8217;estableixi als formularis que aquest ompli, o per atendre una sol\u00b7licitud o consulta del mateix. Aix\u00ed mateix, de conformitat amb el que preveu el RGPD i la LOPD-GDD, excepte que sigui d&#8217;aplicaci\u00f3 l&#8217;excepci\u00f3 prevista en l&#8217;article 30.5 del RGPD, es mant\u00e9 un registre d&#8217;activitats de tractament que especifica, segons les seves finalitats, les activitats de tractament realitzades i les altres circumst\u00e0ncies establertes en el RGPD.\n<h4 style=\"color: white;\">Principis aplicables al tractament de les dades personals<\/h4>\nEl tractament de les dades personals de l&#8217;Usuari es sotmetr\u00e0 als seg\u00fcents principis recollits a l&#8217;article 5 del RGPD i a l&#8217;article 4 i seg\u00fcents de la Llei Org\u00e0nica 3\/2018, de 5 de desembre, de Protecci\u00f3 de Dades Personals i garantia dels drets digitals:\n<ul>\n \t<li>Principi de licitud, lleialtat i transpar\u00e8ncia: es requerir\u00e0 en tot moment el consentiment de l&#8217;Usuari pr\u00e8via informaci\u00f3 completament transparent dels fins per als quals es recullen les dades personals.<\/li>\n \t<li>Principi de limitaci\u00f3 de la finalitat: les dades personals seran recollides amb fins determinats, expl\u00edcits i leg\u00edtims.<\/li>\n \t<li>Principi de minimitzaci\u00f3 de dades: les dades personals recollides seran \u00fanicament les estrictament necess\u00e0ries en relaci\u00f3 amb els fins per als quals es tracten.<\/li>\n \t<li>Principi d&#8217;exactitud: les dades personals han de ser exactes i estar sempre actualitzades.<\/li>\n \t<li>Principi de limitaci\u00f3 del termini de conservaci\u00f3: les dades personals nom\u00e9s seran mantingudes de manera que es permeti la identificaci\u00f3 de l&#8217;Usuari durant el temps necessari per als fins del seu tractament.<\/li>\n \t<li>Principi d&#8217;integritat i confidencialitat: les dades personals seran tractades de manera que es garanteixi la seva seguretat i confidencialitat.<\/li>\n \t<li>Principi de responsabilitat proactiva: el Responsable del tractament ser\u00e0 responsable de garantir que els principis anteriors es compleixin.<\/li>\n<\/ul>\n<h4 style=\"color: white;\">Categories de dades personals<\/h4>\nLes categories de dades que es tracten a <span class=\"blanc-space ng-binding\">Dental Sant Andreu<\/span> s\u00f3n \u00fanicament dades identificatives. En cap cas, es tracten categories especials de dades personals en el sentit de l&#8217;article 9 del RGPD.\n<p class=\"ng-hide\">Les categories de dades que es tracten a <span class=\"blanc-space ng-binding\">Dental Sant Andreu<\/span> s\u00f3n tant dades identificatives com categories especials de dades personals en el sentit de l&#8217;article 9 del RGPD.<\/p>\n<p class=\"ng-hide\">Es consideren com a categories especials de dades personals aquelles que revelin l&#8217;origen \u00e8tnic o racial, les opinions pol\u00edtiques, les conviccions religioses o filos\u00f2fiques, o la filiaci\u00f3 sindical, i el tractament de dades gen\u00e8tiques, dades biom\u00e8triques dirigides a identificar d&#8217;una manera un\u00edvoca a una persona f\u00edsica, dades relatives a la salut o dades relatives a la vida sexual o l&#8217;orientaci\u00f3 sexual d&#8217;una persona f\u00edsica.<\/p>\n<p class=\"ng-hide\">Per al tractament de les categories especials de dades personals, ser\u00e0 necessari en tot cas el consentiment expl\u00edcit de l&#8217;Usuari per a un o diversos fins espec\u00edfics.<\/p>\n\n<h4 style=\"color: white;\">Base legal per al tractament de les dades personals<\/h4>\nLa base legal per al tractament de les dades personals \u00e9s el consentiment. <span class=\"blanc-space ng-binding\">Dental Sant Andreu<\/span> es compromet a recollir el consentiment expr\u00e9s i verificable de l&#8217;Usuari per al tractament de les seves dades personals per a un o diversos fins espec\u00edfics.\n\nL&#8217;Usuari tindr\u00e0 dret a retirar el seu consentiment en qualsevol moment. Ser\u00e0 tan f\u00e0cil retirar el consentiment com donar-lo. Com a norma general, la retirada del consentiment no condicionar\u00e0 l&#8217;\u00fas del Lloc Web.\n\nEn les ocasions en qu\u00e8 l&#8217;Usuari hagi de facilitar les seves dades mitjan\u00e7ant formularis per realitzar consultes, sol\u00b7licitar informaci\u00f3 o per motius relacionats amb el contingut del Lloc Web, se li informar\u00e0 en cas que el compliment d&#8217;algun d&#8217;ells sigui obligatori degut a que els mateixos siguin imprescindibles per al correcte desenvolupament de l&#8217;operaci\u00f3 realitzada.\n<h4 style=\"color: white;\">Fins del tractament als quals es destinen les dades personals<\/h4>\nLes dades personals s\u00f3n recollides i gestionades per <span class=\"blanc-space ng-binding\">Dental Sant Andreu<\/span> amb la finalitat de poder facilitar, agilitzar i complir els compromisos establerts entre el Lloc Web i l&#8217;Usuari o el manteniment de la relaci\u00f3 que s&#8217;estableixi als formularis que aquest \u00faltim ompli o per atendre una sol\u00b7licitud o consulta.\n\nIgualment, les dades podran ser utilitzades amb una finalitat comercial de personalitzaci\u00f3, operativa i estad\u00edstica, i activitats pr\u00f2pies de l&#8217;objecte social de <span class=\"blanc-space ng-binding\">Dental Sant Andreu<\/span>, aix\u00ed com per a l&#8217;extracci\u00f3, emmagatzematge de dades i estudis de m\u00e0rqueting per adequar el Contingut ofert a l&#8217;Usuari, aix\u00ed com millorar la qualitat, funcionament i navegaci\u00f3 pel Lloc Web.\n\nEn el moment en qu\u00e8 es obtinguin les dades personals, s&#8217;informar\u00e0 a l&#8217;Usuari sobre el fi o fins espec\u00edfics del tractament al qual es destinaran les dades personals; \u00e9s a dir, de l&#8217;\u00fas o usos que es donar\u00e0 a la informaci\u00f3 recopilada.\n<h4 style=\"color: white;\">Per\u00edodes de retenci\u00f3 de les dades personals<\/h4>\nLes dades personals nom\u00e9s seran retingudes durant el temps m\u00ednim necessari per als fins del seu tractament i, en tot cas, \u00fanicament durant el seg\u00fcent termini: <span class=\"blanc-space ng-binding\">5 anys<\/span>, o fins que l&#8217;Usuari sol\u00b7liciti la seva supressi\u00f3.\n\nEn el moment en qu\u00e8 es obtinguin les dades personals, s&#8217;informar\u00e0 a l&#8217;Usuari sobre el termini durant el qual es conservaran les dades personals o, quan aix\u00f2 no sigui possible, els criteris utilitzats per determinar aquest termini.\n<h4 style=\"color: white;\">Destinataris de les dades personals<\/h4>\n<p class=\"\">Les dades personals de l&#8217;Usuari no seran compartides amb tercers.<\/p>\n<p class=\"\">En qualsevol cas, en el moment en qu\u00e8 es obtinguin les dades personals, s&#8217;informar\u00e0 a l&#8217;Usuari sobre els destinataris o les categories de destinataris de les dades personals.<\/p>\n<p class=\"ng-hide\">Les dades personals de l&#8217;Usuari seran compartides amb els seg\u00fcents destinataris o categories de destinataris:<\/p>\n<p class=\"ng-hide\">En cas que el Responsable del tractament tingui la intenci\u00f3 de transferir dades personals a un tercer pa\u00eds o organitzaci\u00f3 internacional, en el moment en qu\u00e8 es obtinguin les dades personals, s&#8217;informar\u00e0 a l&#8217;Usuari sobre el tercer pa\u00eds o organitzaci\u00f3 internacional al qual es t\u00e9 la intenci\u00f3 de transferir les dades, aix\u00ed com de l&#8217;exist\u00e8ncia o abs\u00e8ncia d&#8217;una decisi\u00f3 d&#8217;adequaci\u00f3 de la Comissi\u00f3.<\/p>\n\n<h4 style=\"color: white;\">Dades personals de menors d&#8217;edat<\/h4>\nRespectant el que estableix els articles 8 del RGPD i 7 de la Llei Org\u00e0nica 3\/2018, de 5 de desembre, de Protecci\u00f3 de Dades Personals i garantia dels drets digitals, nom\u00e9s els majors de 14 anys podran atorgar el seu consentiment per al tractament de les seves dades personals de manera l\u00edcita per <span class=\"blanc-space ng-binding\">Dental Sant Andreu<\/span>. Si es tracta d&#8217;un menor de 14 anys, ser\u00e0 necessari el consentiment dels pares o tutors per al tractament, i aquest nom\u00e9s es considerar\u00e0 l\u00edcit en la mesura que els mateixos ho hagin autoritzat.\n<h4 style=\"color: white;\">Secret i seguretat de les dades personals<\/h4>\n<span class=\"blanc-space ng-binding\">Dental Sant Andreu<\/span> es compromet a adoptar les mesures t\u00e8cniques i organitzatives necess\u00e0ries, segons el nivell de seguretat adequat al risc de les dades recollides, de manera que es garanteixi la seguretat de les dades de car\u00e0cter personal i s&#8217;eviti la destrucci\u00f3, p\u00e8rdua o alteraci\u00f3 accidental o il\u00b7l\u00edcita de dades personals transmesses, conservades o tractades d&#8217;una altra manera, o la comunicaci\u00f3 o acc\u00e9s no autoritzats a aquests dades.\n<p class=\"\">El Lloc Web compta amb un certificat SSL (Secure Socket Layer), que assegura que les dades personals es transmeten de manera segura i confidencial, al ser la transmissi\u00f3 de les dades entre el servidor i l&#8217;Usuari, i en retroalimentaci\u00f3, totalment xifrada o encriptada.<\/p>\nNo obstant aix\u00f2, at\u00e8s que <span class=\"blanc-space ng-binding\">Dental Sant Andreu<\/span> no pot garantir la inexpugnabilitat d&#8217;internet ni l&#8217;abs\u00e8ncia total de hackers o altres que accedeixin de manera fraudulenta a les dades personals, el Responsable del tractament es compromet a comunicar a l&#8217;Usuari sense dilaci\u00f3 indeguda quan es produeixi una violaci\u00f3 de la seguretat de les dades personals que sigui probable que impliqui un alt risc per als drets i llibertats de les persones f\u00edsiques. Seguint el que estableix l&#8217;article 4 del RGPD, s&#8217;ent\u00e9n per violaci\u00f3 de la seguretat de les dades personals tota violaci\u00f3 de la seguretat que ocasioni la destrucci\u00f3, p\u00e8rdua o alteraci\u00f3 accidental o il\u00b7l\u00edcita de dades personals transmesses, conservades o tractades d&#8217;una altra manera, o la comunicaci\u00f3 o acc\u00e9s no autoritzats a aquests dades.\n\nLes dades personals seran tractades com a confidencials pel Responsable del tractament, qui es compromet a informar de i a garantir per mitj\u00e0 d&#8217;una obligaci\u00f3 legal o contractual que aquesta confidencialitat sigui respectada pels seus empleats, associats, i tota persona a la qual li faci accessible la informaci\u00f3.\n<h4 style=\"color: white;\">Drets derivats del tractament de les dades personals<\/h4>\nL&#8217;Usuari t\u00e9 sobre <span class=\"blanc-space ng-binding\">Dental Sant Andreu<\/span> i podr\u00e0, per tant, exercir davant el Responsable del tractament els seg\u00fcents drets reconeguts al RGPD i a la Llei Org\u00e0nica 3\/2018, de 5 de desembre, de Protecci\u00f3 de Dades Personals i garantia dels drets digitals:\n<ul>\n \t<li><i>Dret d&#8217;acc\u00e9s:<\/i> \u00c9s el dret de l&#8217;Usuari a obtenir confirmaci\u00f3 si <span class=\"blanc-space ng-binding\">Dental Sant Andreu<\/span> est\u00e0 tractant o no les seves dades personals i, en cas afirmatiu, obtenir informaci\u00f3 sobre les seves dades concretes de car\u00e0cter personal i del tractament que <span class=\"blanc-space ng-binding\">Dental Sant Andreu<\/span> hagi realitzat o realitzi, aix\u00ed com, entre altres, de la informaci\u00f3 disponible sobre l&#8217;origen d&#8217;aquests dades i els destinataris de les comunicacions realitzades o previstes dels mateixos.<\/li>\n \t<li><i>Dret de rectificaci\u00f3:<\/i> \u00c9s el dret de l&#8217;Usuari que es modifiquin les seves dades personals que resultin ser inexactes o, tenint en compte els fins del tractament, incompletes.<\/li>\n \t<li><i>Dret de supressi\u00f3 (&#8220;el dret a l&#8217;oblit&#8221;):<\/i> \u00c9s el dret de l&#8217;Usuari, sempre que la legislaci\u00f3 vigent no estableixi el contrari, a obtenir la supressi\u00f3 de les seves dades personals quan aquests ja no siguin necessaris per als fins per als quals van ser recollits o tractats; l&#8217;Usuari hagi retirat el seu consentiment al tractament i aquest no compti amb una altra base legal; l&#8217;Usuari s&#8217;oposi al tractament i no existeixi un altre motiu leg\u00edtim per continuar amb el mateix; les dades personals hagin estat tractades il\u00b7l\u00edcitament; les dades personals hagin de ser suprimides en compliment d&#8217;una obligaci\u00f3 legal; o les dades personals hagin estat obtingudes com a resultat d&#8217;una oferta directa de serveis de la societat de la informaci\u00f3 a un menor de 14 anys. A m\u00e9s de suprimir les dades, el Responsable del tractament, tenint en compte la tecnologia disponible i el cost de la seva aplicaci\u00f3, haur\u00e0 d&#8217;adoptar mesures raonables per informar als responsables que estiguin tractant les dades personals de la sol\u00b7licitud de l&#8217;interessat de supressi\u00f3 de qualsevol enlla\u00e7 a aquests dades personals.<\/li>\n \t<li><i>Dret a la limitaci\u00f3 del tractament:<\/i> \u00c9s el dret de l&#8217;Usuari a limitar el tractament de les seves dades personals. L&#8217;Usuari t\u00e9 dret a obtenir la limitaci\u00f3 del tractament quan impugni l&#8217;exactitud de les seves dades personals; el tractament sigui il\u00b7l\u00edcit; el Responsable del tractament ja no necessiti les dades personals, per\u00f2 l&#8217;Usuari ho necessiti per fer reclamacions; i quan l&#8217;Usuari s&#8217;hagi oposat al tractament.<\/li>\n \t<li><i>Dret a la portabilitat de les dades:<\/i> En cas que el tractament es dugui a terme per mitjans automatitzats, l&#8217;Usuari tindr\u00e0 dret a rebre del Responsable del tractament les seves dades personals en un format estructurat, d&#8217;\u00fas com\u00fa i lectura mec\u00e0nica, i a transmetre-les a un altre responsable del tractament. Sempre que sigui t\u00e8cnicament possible, el Responsable del tractament transmetr\u00e0 directament les dades a aquest altre responsable.<\/li>\n \t<li><i>Dret d&#8217;oposici\u00f3:<\/i> \u00c9s el dret de l&#8217;Usuari a qu\u00e8 no es porti a terme el tractament de les seves dades de car\u00e0cter personal o es cessi el tractament dels mateixos per part de <span class=\"blanc-space ng-binding\">Dental Sant Andreu<\/span>.<\/li>\n \t<li><i>Dret a no ser objecte d&#8217;una decisi\u00f3 basada \u00fanicament en el tractament automatitzat, inclosa l&#8217;elaboraci\u00f3 de perfils:<\/i> \u00c9s el dret de l&#8217;Usuari a no ser objecte d&#8217;una decisi\u00f3 individualitzada basada \u00fanicament en el tractament automatitzat de les seves dades personals, inclosa l&#8217;elaboraci\u00f3 de perfils, existent, excepte que la legislaci\u00f3 vigent estableixi el contrari.<\/li>\n<\/ul>\nAix\u00ed doncs, l&#8217;Usuari podr\u00e0 exercir els seus drets mitjan\u00e7ant comunicaci\u00f3 escrita dirigida al Responsable del tractament amb la refer\u00e8ncia &#8220;RGPD-<span class=\"blanc-space ng-binding\">https:\/\/dentalsantandreu.com\/<\/span>&#8220;, especificant:\n<ul>\n \t<li>Nom, cognoms de l&#8217;Usuari i c\u00f2pia del DNI. En els casos en qu\u00e8 s&#8217;admeti la representaci\u00f3, ser\u00e0 tamb\u00e9 necess\u00e0ria la identificaci\u00f3 pel mateix mitj\u00e0 de la persona que representa l&#8217;Usuari, aix\u00ed com el document acreditatiu de la representaci\u00f3. La fotoc\u00f2pia del DNI podr\u00e0 ser substitu\u00efda, per qualsevol altre mitj\u00e0 v\u00e0lid en dret que acrediti la identitat.<\/li>\n \t<li>Petici\u00f3 amb els motius espec\u00edfics de la sol\u00b7licitud o informaci\u00f3 a la qual es vol accedir.<\/li>\n \t<li>Domicili a efecte de notificacions.<\/li>\n \t<li>Data i signatura del sol\u00b7licitant.<\/li>\n \t<li>Tot document que acrediti la petici\u00f3 que formula.<\/li>\n<\/ul>\nAquesta sol\u00b7licitud i tot altre document adjunt podr\u00e0 ser enviat a la seg\u00fcent adre\u00e7a i\/o correu electr\u00f2nic:\n\nAdre\u00e7a postal: <span class=\"blanc-space ng-binding\">Gran de Sant Andreu 56, 08030 Barcelona(Barcelona)<\/span>\n\nCorreu electr\u00f2nic: <span class=\"blanc-space ng-binding\">gerencia@dentalsantandreu.com<\/span>\n<h4 style=\"color: white;\">Enlla\u00e7os a llocs web de tercers<\/h4>\nEl Lloc Web pot incloure hiperv\u00edncles o enlla\u00e7os que permeten accedir a p\u00e0gines web de tercers diferents de <span class=\"blanc-space ng-binding\">Dental Sant Andreu<\/span>, i que per tant no s\u00f3n operats per <span class=\"blanc-space ng-binding\">Dental Sant Andreu<\/span>. Els titulars de dits llocs web disposaran de les seves pr\u00f2pies pol\u00edtiques de protecci\u00f3 de dades, sent ells mateixos, en cada cas, responsables dels seus propis fitxers i de les seves pr\u00f2pies pr\u00e0ctiques de privacitat.\n<h4 style=\"color: white;\">Reclamacions davant l&#8217;autoritat de control<\/h4>\nEn cas que l&#8217;Usuari consideri que existeix un problema o infracci\u00f3 de la normativa vigent en la manera en qu\u00e8 s&#8217;estan tractant les seves dades personals, tindr\u00e0 dret a la tutela judicial efectiva i a presentar una reclamaci\u00f3 davant una autoritat de control, en particular, en l&#8217;Estat en qu\u00e8 tingui la seva resid\u00e8ncia habitual, lloc de treball o lloc de la suposada infracci\u00f3. En el cas d&#8217;Espanya, l&#8217;autoritat de control \u00e9s l&#8217;Ag\u00e8ncia Espanyola de Protecci\u00f3 de Dades (https:\/\/www.aepd.es\/).\n<h3 style=\"color: white;\">II. ACCEPTACI\u00d3 I CANVIS EN AQUESTA POL\u00cdTICA DE PRIVACITAT<\/h3>\n\u00c9s necessari que l&#8217;Usuari hagi llegit i estigui d&#8217;acord amb les condicions sobre la protecci\u00f3 de dades de car\u00e0cter personal contingudes en aquesta Pol\u00edtica de Privacitat, aix\u00ed com que accepti el tractament de les seves dades personals perqu\u00e8 el Responsable del tractament pugui procedir al mateix de la manera, durant els terminis i per les finalitats indicades. L&#8217;\u00fas del Lloc Web implicar\u00e0 l&#8217;acceptaci\u00f3 de la Pol\u00edtica de Privacitat del mateix.\n\n<span class=\"blanc-space ng-binding\">Dental Sant Andreu<\/span> es reserva el dret a modificar la seva Pol\u00edtica de Privacitat, d&#8217;acord amb el seu propi criteri, o motivat per un canvi legislatiu, jurisprudencial o doctrinal de l&#8217;Ag\u00e8ncia Espanyola de Protecci\u00f3 de Dades. Els canvis o actualitzacions d&#8217;aquesta Pol\u00edtica de Privacitat no seran notificats de forma expl\u00edcita a l&#8217;Usuari. Es recomana a l&#8217;Usuari consultar aquesta p\u00e0gina de forma peri\u00f2dica per estar al corrent dels \u00faltims canvis o actualitzacions.\n\nAquesta Pol\u00edtica de Privacitat va ser actualitzada per adaptar-se al Reglament (UE) 2016\/679 del Parlament Europeu i del Consell, de 27 d&#8217;abril de 2016, relatiu a la protecci\u00f3 de les persones f\u00edsiques pel que fa al tractament de dades personals i a la lliure circulaci\u00f3 d&#8217;aquestes dades (RGPD) i a la Llei Org\u00e0nica 3\/2018, de 5 de desembre, de Protecci\u00f3 de Dades Personals i garantia dels drets digitals.\n\n\n<\/div>\n<\/div>\n<\/div>\n<\/div>\t\t\t\t\t\t\t\t<\/div>\n\t\t\t\t<\/div>\n\t\t\t\t<\/div>\n\t\t\t\t<\/div>","protected":false},"excerpt":{"rendered":"<p>POL\u00cdTICA DE PRIVACITAT DEL LLOC WEB https:\/\/dentalsantandreu.com\/ I. POL\u00cdTICA DE PRIVACITAT I PROTECCI\u00d3 DE DADES Respectant el que estableix la legislaci\u00f3 vigent, Dental Sant Andreu (en endavant, tamb\u00e9 Lloc Web) es compromet a adoptar les mesures t\u00e8cniques i organitzatives necess\u00e0ries, segons el nivell de seguretat adequat al risc de les dades recollides. Lleis que incorpora [&hellip;]<\/p>","protected":false},"author":1,"featured_media":0,"parent":0,"menu_order":0,"comment_status":"closed","ping_status":"closed","template":"","meta":{"site-sidebar-layout":"no-sidebar","site-content-layout":"page-builder","ast-site-content-layout":"full-width-container","site-content-style":"default","site-sidebar-style":"default","ast-global-header-display":"","ast-banner-title-visibility":"","ast-main-header-display":"","ast-hfb-above-header-display":"","ast-hfb-below-header-display":"","ast-hfb-mobile-header-display":"","site-post-title":"disabled","ast-breadcrumbs-content":"","ast-featured-img":"disabled","footer-sml-layout":"","theme-transparent-header-meta":"","adv-header-id-meta":"","stick-header-meta":"","header-above-stick-meta":"","header-main-stick-meta":"","header-below-stick-meta":"","astra-migrate-meta-layouts":"set","ast-page-background-enabled":"default","ast-page-background-meta":{"desktop":{"background-color":"","background-image":"","background-repeat":"repeat","background-position":"center center","background-size":"auto","background-attachment":"scroll","background-type":"","background-media":"","overlay-type":"","overlay-color":"","overlay-opacity":"","overlay-gradient":""},"tablet":{"background-color":"","background-image":"","background-repeat":"repeat","background-position":"center center","background-size":"auto","background-attachment":"scroll","background-type":"","background-media":"","overlay-type":"","overlay-color":"","overlay-opacity":"","overlay-gradient":""},"mobile":{"background-color":"","background-image":"","background-repeat":"repeat","background-position":"center center","background-size":"auto","background-attachment":"scroll","background-type":"","background-media":"","overlay-type":"","overlay-color":"","overlay-opacity":"","overlay-gradient":""}},"ast-content-background-meta":{"desktop":{"background-color":"var(--ast-global-color-5)","background-image":"","background-repeat":"repeat","background-position":"center center","background-size":"auto","background-attachment":"scroll","background-type":"","background-media":"","overlay-type":"","overlay-color":"","overlay-opacity":"","overlay-gradient":""},"tablet":{"background-color":"var(--ast-global-color-5)","background-image":"","background-repeat":"repeat","background-position":"center center","background-size":"auto","background-attachment":"scroll","background-type":"","background-media":"","overlay-type":"","overlay-color":"","overlay-opacity":"","overlay-gradient":""},"mobile":{"background-color":"var(--ast-global-color-5)","background-image":"","background-repeat":"repeat","background-position":"center center","background-size":"auto","background-attachment":"scroll","background-type":"","background-media":"","overlay-type":"","overlay-color":"","overlay-opacity":"","overlay-gradient":""}},"footnotes":""},"class_list":["post-2177","page","type-page","status-publish","hentry"],"yoast_head":"<!-- This site is optimized with the Yoast SEO plugin v26.5 - https:\/\/yoast.com\/wordpress\/plugins\/seo\/ -->\n<title>Pol\u00edtica de Privacitat - Dental Sant Andreu<\/title>\n<meta name=\"robots\" content=\"index, follow, max-snippet:-1, max-image-preview:large, max-video-preview:-1\" \/>\n<link rel=\"canonical\" href=\"https:\/\/dentalsantandreu.com\/es\/politica-de-privacitat\/\" \/>\n<meta property=\"og:locale\" content=\"es_ES\" \/>\n<meta property=\"og:type\" content=\"article\" \/>\n<meta property=\"og:title\" content=\"Pol\u00edtica de Privacitat - Dental Sant Andreu\" \/>\n<meta property=\"og:description\" content=\"POL\u00cdTICA DE PRIVACITAT DEL LLOC WEB https:\/\/dentalsantandreu.com\/ I. POL\u00cdTICA DE PRIVACITAT I PROTECCI\u00d3 DE DADES Respectant el que estableix la legislaci\u00f3 vigent, Dental Sant Andreu (en endavant, tamb\u00e9 Lloc Web) es compromet a adoptar les mesures t\u00e8cniques i organitzatives necess\u00e0ries, segons el nivell de seguretat adequat al risc de les dades recollides. Lleis que incorpora [&hellip;]\" \/>\n<meta property=\"og:url\" content=\"https:\/\/dentalsantandreu.com\/es\/politica-de-privacitat\/\" \/>\n<meta property=\"og:site_name\" content=\"Dental Sant Andreu\" \/>\n<meta property=\"article:modified_time\" content=\"2025-02-14T17:10:36+00:00\" \/>\n<meta name=\"twitter:card\" content=\"summary_large_image\" \/>\n<meta name=\"twitter:label1\" content=\"Tiempo de lectura\" \/>\n\t<meta name=\"twitter:data1\" content=\"14 minutos\" \/>\n<script type=\"application\/ld+json\" class=\"yoast-schema-graph\">{\"@context\":\"https:\/\/schema.org\",\"@graph\":[{\"@type\":\"WebPage\",\"@id\":\"https:\/\/dentalsantandreu.com\/politica-de-privacitat\/\",\"url\":\"https:\/\/dentalsantandreu.com\/politica-de-privacitat\/\",\"name\":\"Pol\u00edtica de Privacitat - Dental Sant Andreu\",\"isPartOf\":{\"@id\":\"https:\/\/dentalsantandreu.com\/#website\"},\"datePublished\":\"2025-02-06T00:45:03+00:00\",\"dateModified\":\"2025-02-14T17:10:36+00:00\",\"breadcrumb\":{\"@id\":\"https:\/\/dentalsantandreu.com\/politica-de-privacitat\/#breadcrumb\"},\"inLanguage\":\"es\",\"potentialAction\":[{\"@type\":\"ReadAction\",\"target\":[\"https:\/\/dentalsantandreu.com\/politica-de-privacitat\/\"]}]},{\"@type\":\"BreadcrumbList\",\"@id\":\"https:\/\/dentalsantandreu.com\/politica-de-privacitat\/#breadcrumb\",\"itemListElement\":[{\"@type\":\"ListItem\",\"position\":1,\"name\":\"Inici\",\"item\":\"https:\/\/dentalsantandreu.com\/\"},{\"@type\":\"ListItem\",\"position\":2,\"name\":\"Pol\u00edtica de Privacitat\"}]},{\"@type\":\"WebSite\",\"@id\":\"https:\/\/dentalsantandreu.com\/#website\",\"url\":\"https:\/\/dentalsantandreu.com\/\",\"name\":\"Dental Sant Andreu\",\"description\":\"\",\"publisher\":{\"@id\":\"https:\/\/dentalsantandreu.com\/#organization\"},\"potentialAction\":[{\"@type\":\"SearchAction\",\"target\":{\"@type\":\"EntryPoint\",\"urlTemplate\":\"https:\/\/dentalsantandreu.com\/?s={search_term_string}\"},\"query-input\":{\"@type\":\"PropertyValueSpecification\",\"valueRequired\":true,\"valueName\":\"search_term_string\"}}],\"inLanguage\":\"es\"},{\"@type\":\"Organization\",\"@id\":\"https:\/\/dentalsantandreu.com\/#organization\",\"name\":\"Dental Sant Andreu\",\"url\":\"https:\/\/dentalsantandreu.com\/\",\"logo\":{\"@type\":\"ImageObject\",\"inLanguage\":\"es\",\"@id\":\"https:\/\/dentalsantandreu.com\/#\/schema\/logo\/image\/\",\"url\":\"https:\/\/dentalsantandreu.com\/wp-content\/uploads\/2025\/01\/Logo_DentalSantAndreu.png\",\"contentUrl\":\"https:\/\/dentalsantandreu.com\/wp-content\/uploads\/2025\/01\/Logo_DentalSantAndreu.png\",\"width\":1299,\"height\":728,\"caption\":\"Dental Sant Andreu\"},\"image\":{\"@id\":\"https:\/\/dentalsantandreu.com\/#\/schema\/logo\/image\/\"}}]}<\/script>\n<!-- \/ Yoast SEO plugin. -->","yoast_head_json":{"title":"Pol\u00edtica de Privacitat - Dental Sant Andreu","robots":{"index":"index","follow":"follow","max-snippet":"max-snippet:-1","max-image-preview":"max-image-preview:large","max-video-preview":"max-video-preview:-1"},"canonical":"https:\/\/dentalsantandreu.com\/es\/politica-de-privacitat\/","og_locale":"es_ES","og_type":"article","og_title":"Pol\u00edtica de Privacitat - Dental Sant Andreu","og_description":"POL\u00cdTICA DE PRIVACITAT DEL LLOC WEB https:\/\/dentalsantandreu.com\/ I. POL\u00cdTICA DE PRIVACITAT I PROTECCI\u00d3 DE DADES Respectant el que estableix la legislaci\u00f3 vigent, Dental Sant Andreu (en endavant, tamb\u00e9 Lloc Web) es compromet a adoptar les mesures t\u00e8cniques i organitzatives necess\u00e0ries, segons el nivell de seguretat adequat al risc de les dades recollides. Lleis que incorpora [&hellip;]","og_url":"https:\/\/dentalsantandreu.com\/es\/politica-de-privacitat\/","og_site_name":"Dental Sant Andreu","article_modified_time":"2025-02-14T17:10:36+00:00","twitter_card":"summary_large_image","twitter_misc":{"Tiempo de lectura":"14 minutos"},"schema":{"@context":"https:\/\/schema.org","@graph":[{"@type":"WebPage","@id":"https:\/\/dentalsantandreu.com\/politica-de-privacitat\/","url":"https:\/\/dentalsantandreu.com\/politica-de-privacitat\/","name":"Pol\u00edtica de Privacitat - Dental Sant Andreu","isPartOf":{"@id":"https:\/\/dentalsantandreu.com\/#website"},"datePublished":"2025-02-06T00:45:03+00:00","dateModified":"2025-02-14T17:10:36+00:00","breadcrumb":{"@id":"https:\/\/dentalsantandreu.com\/politica-de-privacitat\/#breadcrumb"},"inLanguage":"es","potentialAction":[{"@type":"ReadAction","target":["https:\/\/dentalsantandreu.com\/politica-de-privacitat\/"]}]},{"@type":"BreadcrumbList","@id":"https:\/\/dentalsantandreu.com\/politica-de-privacitat\/#breadcrumb","itemListElement":[{"@type":"ListItem","position":1,"name":"Inici","item":"https:\/\/dentalsantandreu.com\/"},{"@type":"ListItem","position":2,"name":"Pol\u00edtica de Privacitat"}]},{"@type":"WebSite","@id":"https:\/\/dentalsantandreu.com\/#website","url":"https:\/\/dentalsantandreu.com\/","name":"Dental Sant Andreu","description":"","publisher":{"@id":"https:\/\/dentalsantandreu.com\/#organization"},"potentialAction":[{"@type":"SearchAction","target":{"@type":"EntryPoint","urlTemplate":"https:\/\/dentalsantandreu.com\/?s={search_term_string}"},"query-input":{"@type":"PropertyValueSpecification","valueRequired":true,"valueName":"search_term_string"}}],"inLanguage":"es"},{"@type":"Organization","@id":"https:\/\/dentalsantandreu.com\/#organization","name":"Dental Sant Andreu","url":"https:\/\/dentalsantandreu.com\/","logo":{"@type":"ImageObject","inLanguage":"es","@id":"https:\/\/dentalsantandreu.com\/#\/schema\/logo\/image\/","url":"https:\/\/dentalsantandreu.com\/wp-content\/uploads\/2025\/01\/Logo_DentalSantAndreu.png","contentUrl":"https:\/\/dentalsantandreu.com\/wp-content\/uploads\/2025\/01\/Logo_DentalSantAndreu.png","width":1299,"height":728,"caption":"Dental Sant Andreu"},"image":{"@id":"https:\/\/dentalsantandreu.com\/#\/schema\/logo\/image\/"}}]}},"_links":{"self":[{"href":"https:\/\/dentalsantandreu.com\/es\/wp-json\/wp\/v2\/pages\/2177","targetHints":{"allow":["GET"]}}],"collection":[{"href":"https:\/\/dentalsantandreu.com\/es\/wp-json\/wp\/v2\/pages"}],"about":[{"href":"https:\/\/dentalsantandreu.com\/es\/wp-json\/wp\/v2\/types\/page"}],"author":[{"embeddable":true,"href":"https:\/\/dentalsantandreu.com\/es\/wp-json\/wp\/v2\/users\/1"}],"replies":[{"embeddable":true,"href":"https:\/\/dentalsantandreu.com\/es\/wp-json\/wp\/v2\/comments?post=2177"}],"version-history":[{"count":14,"href":"https:\/\/dentalsantandreu.com\/es\/wp-json\/wp\/v2\/pages\/2177\/revisions"}],"predecessor-version":[{"id":2436,"href":"https:\/\/dentalsantandreu.com\/es\/wp-json\/wp\/v2\/pages\/2177\/revisions\/2436"}],"wp:attachment":[{"href":"https:\/\/dentalsantandreu.com\/es\/wp-json\/wp\/v2\/media?parent=2177"}],"curies":[{"name":"wp","href":"https:\/\/api.w.org\/{rel}","templated":true}]}}