{"id":1765,"date":"2025-02-01T21:02:16","date_gmt":"2025-02-01T20:02:16","guid":{"rendered":"https:\/\/dentalsantandreu.com\/?page_id=1765"},"modified":"2026-01-26T16:33:27","modified_gmt":"2026-01-26T15:33:27","slug":"contacte","status":"publish","type":"page","link":"https:\/\/dentalsantandreu.com\/es\/contacte\/","title":{"rendered":"Contacto"},"content":{"rendered":"<div data-elementor-type=\"wp-page\" data-elementor-id=\"1765\" class=\"elementor elementor-1765\">\n\t\t\t\t<div class=\"elementor-element elementor-element-d12f25e e-flex e-con-boxed e-con e-parent\" data-id=\"d12f25e\" data-element_type=\"container\" data-settings=\"{&quot;background_background&quot;:&quot;classic&quot;}\">\n\t\t\t\t\t<div class=\"e-con-inner\">\n\t\t<div class=\"elementor-element elementor-element-816066e e-con-full e-flex e-con e-child\" data-id=\"816066e\" data-element_type=\"container\">\n\t\t\t\t<div class=\"elementor-element elementor-element-716f5c4 elementor-widget-mobile__width-inherit elementor-widget elementor-widget-heading\" data-id=\"716f5c4\" data-element_type=\"widget\" data-widget_type=\"heading.default\">\n\t\t\t\t<div class=\"elementor-widget-container\">\n\t\t\t\t\t<h1 class=\"elementor-heading-title elementor-size-default\">Contacta amb Dental Sant Andreu<\/h1>\t\t\t\t<\/div>\n\t\t\t\t<\/div>\n\t\t\t\t<div class=\"elementor-element elementor-element-9ea1c2d elementor-widget elementor-widget-text-editor\" data-id=\"9ea1c2d\" data-element_type=\"widget\" data-widget_type=\"text-editor.default\">\n\t\t\t\t<div class=\"elementor-widget-container\">\n\t\t\t\t\t\t\t\t\t<p>A Dental Sant Andreu cuidem la teva salut bucodental amb un tracte proper, professional i personalitzat.<br data-start=\"678\" data-end=\"681\" \/>Si tens qualsevol dubte, vols demanar informaci\u00f3 sobre un tractament o reservar una cita, el nostre equip estar\u00e0 encantat d\u2019atendre\u2019t i ajudar-te en tot el que necessitis.<\/p>\t\t\t\t\t\t\t\t<\/div>\n\t\t\t\t<\/div>\n\t\t\t\t<\/div>\n\t\t\t\t\t<\/div>\n\t\t\t\t<\/div>\n\t\t<div class=\"elementor-element elementor-element-9616de1 e-flex e-con-boxed e-con e-parent\" data-id=\"9616de1\" data-element_type=\"container\" data-settings=\"{&quot;background_background&quot;:&quot;classic&quot;,&quot;shape_divider_top&quot;:&quot;opacity-tilt&quot;}\">\n\t\t\t\t\t<div class=\"e-con-inner\">\n\t\t\t\t<div class=\"elementor-shape elementor-shape-top\" aria-hidden=\"true\" data-negative=\"false\">\n\t\t\t<svg xmlns=\"http:\/\/www.w3.org\/2000\/svg\" viewbox=\"0 0 2600 131.1\" preserveaspectratio=\"none\">\n\t<path class=\"elementor-shape-fill\" d=\"M0 0L2600 0 2600 69.1 0 0z\"\/>\n\t<path class=\"elementor-shape-fill\" style=\"opacity:0.5\" d=\"M0 0L2600 0 2600 69.1 0 69.1z\"\/>\n\t<path class=\"elementor-shape-fill\" style=\"opacity:0.25\" d=\"M2600 0L0 0 0 130.1 2600 69.1z\"\/>\n<\/svg>\t\t<\/div>\n\t\t<div class=\"elementor-element elementor-element-4238d5a e-con-full e-flex e-con e-child\" data-id=\"4238d5a\" data-element_type=\"container\">\n\t\t\t\t<div class=\"elementor-element elementor-element-00b247a elementor-widget elementor-widget-heading\" data-id=\"00b247a\" data-element_type=\"widget\" data-widget_type=\"heading.default\">\n\t\t\t\t<div class=\"elementor-widget-container\">\n\t\t\t\t\t<h2 class=\"elementor-heading-title elementor-size-default\">Com pots contactar amb Dental Sant Andreu?<\/h2>\t\t\t\t<\/div>\n\t\t\t\t<\/div>\n\t\t\t\t<div class=\"elementor-element elementor-element-b7c4bde elementor-widget elementor-widget-heading\" data-id=\"b7c4bde\" data-element_type=\"widget\" data-widget_type=\"heading.default\">\n\t\t\t\t<div class=\"elementor-widget-container\">\n\t\t\t\t\t<h6 class=\"elementor-heading-title elementor-size-default\">Pots contactar amb nosaltres f\u00e0cilment a trav\u00e9s del formulari, per tel\u00e8fon o visitant-nos directament a la cl\u00ednica.\nEstem ubicats al barri de Sant Andreu, a Barcelona, amb f\u00e0cil acc\u00e9s i bones connexions de transport.\n<\/h6>\t\t\t\t<\/div>\n\t\t\t\t<\/div>\n\t\t\t\t<div class=\"elementor-element elementor-element-7a31ab9 elementor-align-center elementor-tablet-align-center elementor-mobile-align-center elementor-widget elementor-widget-button\" data-id=\"7a31ab9\" data-element_type=\"widget\" data-widget_type=\"button.default\">\n\t\t\t\t<div class=\"elementor-widget-container\">\n\t\t\t\t\t\t\t\t\t<div class=\"elementor-button-wrapper\">\n\t\t\t\t\t<a class=\"elementor-button elementor-button-link elementor-size-md\" href=\"https:\/\/www.google.com\/maps\/place\/Dental+Sant+Andreu\/@41.4293051,2.1902466,16z\/data=!4m15!1m8!3m7!1s0x12a4bcd0bf3d0239:0x3fed537a07cab767!2sDental+Sant+Andreu!8m2!3d41.4293051!4d2.1902466!10e1!16s%2Fg%2F1q6j8vyct!3m5!1s0x12a4bcd0bf3d0239:0x3fed537a07cab767!8m2!3d41.4293051!4d2.1902466!16s%2Fg%2F1q6j8vyct?entry=ttu&#038;g_ep=EgoyMDI1MDEyOS4xIKXMDSoASAFQAw%3D%3D\">\n\t\t\t\t\t\t<span class=\"elementor-button-content-wrapper\">\n\t\t\t\t\t\t<span class=\"elementor-button-icon\">\n\t\t\t\t<svg aria-hidden=\"true\" class=\"e-font-icon-svg e-fas-map-marker-alt\" viewbox=\"0 0 384 512\" xmlns=\"http:\/\/www.w3.org\/2000\/svg\"><path d=\"M172.268 501.67C26.97 291.031 0 269.413 0 192 0 85.961 85.961 0 192 0s192 85.961 192 192c0 77.413-26.97 99.031-172.268 309.67-9.535 13.774-29.93 13.773-39.464 0zM192 272c44.183 0 80-35.817 80-80s-35.817-80-80-80-80 35.817-80 80 35.817 80 80 80z\"><\/path><\/svg>\t\t\t<\/span>\n\t\t\t\t\t\t\t\t\t<span class=\"elementor-button-text\">B\u00fascanos en Google Maps<\/span>\n\t\t\t\t\t<\/span>\n\t\t\t\t\t<\/a>\n\t\t\t\t<\/div>\n\t\t\t\t\t\t\t\t<\/div>\n\t\t\t\t<\/div>\n\t\t<div class=\"elementor-element elementor-element-cf4aa40 e-flex e-con-boxed e-con e-child\" data-id=\"cf4aa40\" data-element_type=\"container\" data-settings=\"{&quot;background_background&quot;:&quot;classic&quot;}\">\n\t\t\t\t\t<div class=\"e-con-inner\">\n\t\t<div class=\"elementor-element elementor-element-23b2db2 e-con-full e-flex e-con e-child\" data-id=\"23b2db2\" data-element_type=\"container\">\n\t\t\t\t<div class=\"elementor-element elementor-element-26175f9 elementor-view-stacked elementor-position-left elementor-shape-circle elementor-mobile-position-top elementor-widget elementor-widget-icon-box\" data-id=\"26175f9\" data-element_type=\"widget\" data-widget_type=\"icon-box.default\">\n\t\t\t\t<div class=\"elementor-widget-container\">\n\t\t\t\t\t\t\t<div class=\"elementor-icon-box-wrapper\">\n\n\t\t\t\t\t\t<div class=\"elementor-icon-box-icon\">\n\t\t\t\t<a href=\"https:\/\/www.google.com\/maps\/place\/Dental+Sant+Andreu\/@41.4293051,2.1902466,16z\/data=!4m15!1m8!3m7!1s0x12a4bcd0bf3d0239:0x3fed537a07cab767!2sDental+Sant+Andreu!8m2!3d41.4293051!4d2.1902466!10e1!16s%2Fg%2F1q6j8vyct!3m5!1s0x12a4bcd0bf3d0239:0x3fed537a07cab767!8m2!3d41.4293051!4d2.1902466!16s%2Fg%2F1q6j8vyct?entry=ttu&#038;g_ep=EgoyMDI1MDEyOS4xIKXMDSoASAFQAw%3D%3D\" class=\"elementor-icon\" tabindex=\"-1\" aria-label=\"Direcci\u00f3n\">\n\t\t\t\t<svg aria-hidden=\"true\" class=\"e-font-icon-svg e-fas-map-marker-alt\" viewbox=\"0 0 384 512\" xmlns=\"http:\/\/www.w3.org\/2000\/svg\"><path d=\"M172.268 501.67C26.97 291.031 0 269.413 0 192 0 85.961 85.961 0 192 0s192 85.961 192 192c0 77.413-26.97 99.031-172.268 309.67-9.535 13.774-29.93 13.773-39.464 0zM192 272c44.183 0 80-35.817 80-80s-35.817-80-80-80-80 35.817-80 80 35.817 80 80 80z\"><\/path><\/svg>\t\t\t\t<\/a>\n\t\t\t<\/div>\n\t\t\t\n\t\t\t\t\t\t<div class=\"elementor-icon-box-content\">\n\n\t\t\t\t\t\t\t\t\t<h4 class=\"elementor-icon-box-title\">\n\t\t\t\t\t\t<a href=\"https:\/\/www.google.com\/maps\/place\/Dental+Sant+Andreu\/@41.4293051,2.1902466,16z\/data=!4m15!1m8!3m7!1s0x12a4bcd0bf3d0239:0x3fed537a07cab767!2sDental+Sant+Andreu!8m2!3d41.4293051!4d2.1902466!10e1!16s%2Fg%2F1q6j8vyct!3m5!1s0x12a4bcd0bf3d0239:0x3fed537a07cab767!8m2!3d41.4293051!4d2.1902466!16s%2Fg%2F1q6j8vyct?entry=ttu&#038;g_ep=EgoyMDI1MDEyOS4xIKXMDSoASAFQAw%3D%3D\" >\n\t\t\t\t\t\t\tDirecci\u00f3n\t\t\t\t\t\t<\/a>\n\t\t\t\t\t<\/h4>\n\t\t\t\t\n\t\t\t\t\t\t\t\t\t<p class=\"elementor-icon-box-description\">\n\t\t\t\t\t\t<a href=\"https:\/\/www.google.com\/maps\/place\/Dental+Sant+Andreu\/@41.4293051,2.1902466,16z\/data=!4m15!1m8!3m7!1s0x12a4bcd0bf3d0239:0x3fed537a07cab767!2sDental+Sant+Andreu!8m2!3d41.4293051!4d2.1902466!10e1!16s%2Fg%2F1q6j8vyct!3m5!1s0x12a4bcd0bf3d0239:0x3fed537a07cab767!8m2!3d41.4293051!4d2.1902466!16s%2Fg%2F1q6j8vyct?entry=ttu&amp;g_ep=EgoyMDI1MDEyOS4xIKXMDSoASAFQAw%3D%3D\" target=\"_blank\" style=\"text-decoration: none;color: white\">\n        Carrer Gran de Sant Andreu, 56, Sant Andreu, 08030 Barcelona\n    <\/a>\n\t\t\t\t\t<\/p>\n\t\t\t\t\n\t\t\t<\/div>\n\t\t\t\n\t\t<\/div>\n\t\t\t\t\t\t<\/div>\n\t\t\t\t<\/div>\n\t\t\t\t<\/div>\n\t\t<div class=\"elementor-element elementor-element-d6f76da e-con-full e-flex e-con e-child\" data-id=\"d6f76da\" data-element_type=\"container\">\n\t\t\t\t<div class=\"elementor-element elementor-element-4bb2c77 elementor-view-stacked elementor-position-left elementor-shape-circle elementor-mobile-position-top elementor-widget elementor-widget-icon-box\" data-id=\"4bb2c77\" data-element_type=\"widget\" data-widget_type=\"icon-box.default\">\n\t\t\t\t<div class=\"elementor-widget-container\">\n\t\t\t\t\t\t\t<div class=\"elementor-icon-box-wrapper\">\n\n\t\t\t\t\t\t<div class=\"elementor-icon-box-icon\">\n\t\t\t\t<a href=\"\" class=\"elementor-icon\" tabindex=\"-1\" aria-label=\"Email\">\n\t\t\t\t<svg aria-hidden=\"true\" class=\"e-font-icon-svg e-fas-envelope\" viewbox=\"0 0 512 512\" xmlns=\"http:\/\/www.w3.org\/2000\/svg\"><path d=\"M502.3 190.8c3.9-3.1 9.7-.2 9.7 4.7V400c0 26.5-21.5 48-48 48H48c-26.5 0-48-21.5-48-48V195.6c0-5 5.7-7.8 9.7-4.7 22.4 17.4 52.1 39.5 154.1 113.6 21.1 15.4 56.7 47.8 92.2 47.6 35.7.3 72-32.8 92.3-47.6 102-74.1 131.6-96.3 154-113.7zM256 320c23.2.4 56.6-29.2 73.4-41.4 132.7-96.3 142.8-104.7 173.4-128.7 5.8-4.5 9.2-11.5 9.2-18.9v-19c0-26.5-21.5-48-48-48H48C21.5 64 0 85.5 0 112v19c0 7.4 3.4 14.3 9.2 18.9 30.6 23.9 40.7 32.4 173.4 128.7 16.8 12.2 50.2 41.8 73.4 41.4z\"><\/path><\/svg>\t\t\t\t<\/a>\n\t\t\t<\/div>\n\t\t\t\n\t\t\t\t\t\t<div class=\"elementor-icon-box-content\">\n\n\t\t\t\t\t\t\t\t\t<h3 class=\"elementor-icon-box-title\">\n\t\t\t\t\t\t<a href=\"\" >\n\t\t\t\t\t\t\tEmail\t\t\t\t\t\t<\/a>\n\t\t\t\t\t<\/h3>\n\t\t\t\t\n\t\t\t\t\t\t\t\t\t<p class=\"elementor-icon-box-description\">\n\t\t\t\t\t\t<a href=\"mailto:recepcio@dentalsantandreu.com\" style=\"text-decoration: none;color: white\">\n        recepcio@dentalsantandreu.com\n<\/a>\t\t\t\t\t<\/p>\n\t\t\t\t\n\t\t\t<\/div>\n\t\t\t\n\t\t<\/div>\n\t\t\t\t\t\t<\/div>\n\t\t\t\t<\/div>\n\t\t\t\t<\/div>\n\t\t<div class=\"elementor-element elementor-element-bb1d024 e-con-full e-flex e-con e-child\" data-id=\"bb1d024\" data-element_type=\"container\">\n\t\t\t\t<div class=\"elementor-element elementor-element-823066e elementor-view-stacked elementor-position-left elementor-shape-circle elementor-mobile-position-top elementor-widget elementor-widget-icon-box\" data-id=\"823066e\" data-element_type=\"widget\" data-widget_type=\"icon-box.default\">\n\t\t\t\t<div class=\"elementor-widget-container\">\n\t\t\t\t\t\t\t<div class=\"elementor-icon-box-wrapper\">\n\n\t\t\t\t\t\t<div class=\"elementor-icon-box-icon\">\n\t\t\t\t<a href=\"tel:+34932229000\" class=\"elementor-icon\" tabindex=\"-1\" aria-label=\"Tel\u00e9fono\">\n\t\t\t\t<svg aria-hidden=\"true\" class=\"e-font-icon-svg e-fas-phone\" viewbox=\"0 0 512 512\" xmlns=\"http:\/\/www.w3.org\/2000\/svg\"><path d=\"M493.4 24.6l-104-24c-11.3-2.6-22.9 3.3-27.5 13.9l-48 112c-4.2 9.8-1.4 21.3 6.9 28l60.6 49.6c-36 76.7-98.9 140.5-177.2 177.2l-49.6-60.6c-6.8-8.3-18.2-11.1-28-6.9l-112 48C3.9 366.5-2 378.1.6 389.4l24 104C27.1 504.2 36.7 512 48 512c256.1 0 464-207.5 464-464 0-11.2-7.7-20.9-18.6-23.4z\"><\/path><\/svg>\t\t\t\t<\/a>\n\t\t\t<\/div>\n\t\t\t\n\t\t\t\t\t\t<div class=\"elementor-icon-box-content\">\n\n\t\t\t\t\t\t\t\t\t<h4 class=\"elementor-icon-box-title\">\n\t\t\t\t\t\t<a href=\"tel:+34932229000\" >\n\t\t\t\t\t\t\tTel\u00e9fono\t\t\t\t\t\t<\/a>\n\t\t\t\t\t<\/h4>\n\t\t\t\t\n\t\t\t\t\t\t\t\t\t<p class=\"elementor-icon-box-description\">\n\t\t\t\t\t\t<a href=\"tel:+34932229000\" style=\"text-decoration: none;color: white\">\n        932 22 90 00\n<\/a>\t\t\t\t\t<\/p>\n\t\t\t\t\n\t\t\t<\/div>\n\t\t\t\n\t\t<\/div>\n\t\t\t\t\t\t<\/div>\n\t\t\t\t<\/div>\n\t\t\t\t<\/div>\n\t\t\t\t\t<\/div>\n\t\t\t\t<\/div>\n\t\t<div class=\"elementor-element elementor-element-6a228ea e-flex e-con-boxed e-con e-child\" data-id=\"6a228ea\" data-element_type=\"container\" data-settings=\"{&quot;background_background&quot;:&quot;classic&quot;}\">\n\t\t\t\t\t<div class=\"e-con-inner\">\n\t\t<div class=\"elementor-element elementor-element-b913b4a e-con-full e-flex e-con e-child\" data-id=\"b913b4a\" data-element_type=\"container\">\n\t\t\t\t<div class=\"elementor-element elementor-element-3bda97d elementor-widget elementor-widget-heading\" data-id=\"3bda97d\" data-element_type=\"widget\" data-widget_type=\"heading.default\">\n\t\t\t\t<div class=\"elementor-widget-container\">\n\t\t\t\t\t<h3 class=\"elementor-heading-title elementor-size-default\">Reserva tu cita\n\n<\/h3>\t\t\t\t<\/div>\n\t\t\t\t<\/div>\n\t\t\t\t<div class=\"elementor-element elementor-element-89b2da1 elementor-widget elementor-widget-shortcode\" data-id=\"89b2da1\" data-element_type=\"widget\" data-widget_type=\"shortcode.default\">\n\t\t\t\t<div class=\"elementor-widget-container\">\n\t\t\t\t\t\t\t<div class=\"elementor-shortcode\"><div class=\"wpforms-container\" id=\"wpforms-13\"><form id=\"wpforms-form-13\" class=\"wpforms-validate wpforms-form\" data-formid=\"13\" method=\"post\" enctype=\"multipart\/form-data\" action=\"\/es\/wp-json\/wp\/v2\/pages\/1765\" data-token=\"4ba30b3e1ff0eccf296f2ddd21a077c8\" data-token-time=\"1777551885\" data-trp-original-action=\"\/es\/wp-json\/wp\/v2\/pages\/1765\"><noscript class=\"wpforms-error-noscript\">Por favor, activa JavaScript en tu navegador para completar este formulario.<\/noscript><div class=\"wpforms-field-container\"><div id=\"wpforms-13-field_0-container\" class=\"wpforms-field wpforms-field-name\" data-field-id=\"0\"><label class=\"wpforms-field-label wpforms-label-hide\" for=\"wpforms-13-field_0\">Nom i cognoms <span class=\"wpforms-required-label\">*<\/span><\/label><div class=\"wpforms-field-row wpforms-field-large\"><div class=\"wpforms-field-row-block wpforms-first wpforms-one-half\"><input type=\"text\" id=\"wpforms-13-field_0\" class=\"wpforms-field-name-first wpforms-field-required\" name=\"wpforms[fields][0][first]\" placeholder=\"Tu Nombre\" required><label for=\"wpforms-13-field_0\" class=\"wpforms-field-sublabel after wpforms-sublabel-hide\">Nombre<\/label><\/div><div class=\"wpforms-field-row-block wpforms-one-half\"><input type=\"text\" id=\"wpforms-13-field_0-last\" class=\"wpforms-field-name-last wpforms-field-required\" name=\"wpforms[fields][0][last]\" placeholder=\"Tus Apellidos\" required><label for=\"wpforms-13-field_0-last\" class=\"wpforms-field-sublabel after wpforms-sublabel-hide\">Apellidos<\/label><\/div><\/div><\/div><div id=\"wpforms-13-field_3-container\" class=\"wpforms-field wpforms-field-text\" data-field-id=\"3\"><label class=\"wpforms-field-label wpforms-label-hide\" for=\"wpforms-13-field_3\">Tel\u00e9fono <span class=\"wpforms-required-label\">*<\/span><\/label><input type=\"text\" id=\"wpforms-13-field_3\" class=\"wpforms-field-large wpforms-field-required\" name=\"wpforms[fields][3]\" placeholder=\"Tu N\u00famero de Tel\u00e9fono\" required><\/div><div id=\"wpforms-13-field_1-container\" class=\"wpforms-field wpforms-field-email\" data-field-id=\"1\"><label class=\"wpforms-field-label wpforms-label-hide\" for=\"wpforms-13-field_1\">Email <span class=\"wpforms-required-label\">*<\/span><\/label><input type=\"email\" id=\"wpforms-13-field_1\" class=\"wpforms-field-large wpforms-field-required\" name=\"wpforms[fields][1]\" placeholder=\"Tu Email\" spellcheck=\"false\" required><\/div><div id=\"wpforms-13-field_4-container\" class=\"wpforms-field wpforms-field-text\" data-field-id=\"4\"><label class=\"wpforms-field-label wpforms-label-hide\" for=\"wpforms-13-field_4\">Assumpte del Email <span class=\"wpforms-required-label\">*<\/span><\/label><input type=\"text\" id=\"wpforms-13-field_4\" class=\"wpforms-field-large wpforms-field-required\" name=\"wpforms[fields][4]\" placeholder=\"Asunto\" required><\/div><div id=\"wpforms-13-field_2-container\" class=\"wpforms-field wpforms-field-textarea\" data-field-id=\"2\"><label class=\"wpforms-field-label wpforms-label-hide\" for=\"wpforms-13-field_2\">Comentari o Missatge <span class=\"wpforms-required-label\">*<\/span><\/label><textarea id=\"wpforms-13-field_2\" class=\"wpforms-field-large wpforms-field-required\" name=\"wpforms[fields][2]\" placeholder=\"Mensaje\" required><\/textarea><\/div><div id=\"wpforms-13-field_5-container\" class=\"wpforms-field wpforms-field-checkbox\" data-field-id=\"5\"><label class=\"wpforms-field-label wpforms-label-hide\">Pol\u00edtica de privacitat <span class=\"wpforms-required-label\">*<\/span><\/label><ul id=\"wpforms-13-field_5\" class=\"wpforms-field-required\"><li class=\"choice-1 depth-1\"><input type=\"checkbox\" id=\"wpforms-13-field_5_1\" name=\"wpforms[fields][5][]\" value=\"He llegit i accepto la pol\u00edtica de privacitat\" required><label class=\"wpforms-field-label-inline\" for=\"wpforms-13-field_5_1\">He le\u00eddo y acepto la pol\u00edtica de privacidad. <span class=\"wpforms-required-label\">*<\/span><\/label><\/li><\/ul><div class=\"wpforms-field-description wpforms-disclaimer-description translation-block\">POL\u00cdTICA DE PRIVACIDAD DEL SITIO WEB<br>\nhttps:\/\/dentalsantandreu.com\/<br>\n<br>\nI. POL\u00cdTICA DE PRIVACIDAD Y PROTECCI\u00d3N DE DATOS<br>\nRespetando lo establecido en la legislaci\u00f3n vigente, Dental Sant Andreu (en adelante, tambi\u00e9n Sitio Web) se compromete a adoptar las medidas t\u00e9cnicas y organizativas necesarias, seg\u00fan el nivel de seguridad adecuado al riesgo de los datos recogidos.<br>\n<br>\nLeyes que incorpora esta pol\u00edtica de privacidad<br>\nEsta pol\u00edtica de privacidad est\u00e1 adaptada a la normativa espa\u00f1ola y europea vigente en materia de protecci\u00f3n de datos personales en internet. En concreto, respeta las siguientes normas:<br>\n<br>\nEl Reglamento (UE) 2016\/679 del Parlamento Europeo y del Consejo, de 27 de abril de 2016, relativo a la protecci\u00f3n de las personas f\u00edsicas en lo que respecta al tratamiento de datos personales y a la libre circulaci\u00f3n de estos datos (RGPD).<br>\nLa Ley Org\u00e1nica 3\/2018, de 5 de diciembre, de Protecci\u00f3n de Datos Personales y garant\u00eda de los derechos digitales (LOPD-GDD).<br>\nEl Real Decreto 1720\/2007, de 21 de diciembre, por el que se aprueba el Reglamento de desarrollo de la Ley Org\u00e1nica 15\/1999, de 13 de diciembre, de Protecci\u00f3n de Datos de Car\u00e1cter Personal (RDLOPD).<br>\nLa Ley 34\/2002, de 11 de julio, de Servicios de la Sociedad de la Informaci\u00f3n y de Comercio Electr\u00f3nico (LSSI-CE).<br>\n<br>\nIdentidad del responsable del tratamiento de los datos personales<br>\nEl responsable del tratamiento de los datos personales recogidos en Dental Sant Andreu es: , con NIF: (en adelante, Responsable del tratamiento). Sus datos de contacto son los siguientes:<br>\n<br>\nEl responsable del tratamiento de los datos personales recogidos en Dental Sant Andreu es: CENTRE DENTAL SANT ANDREU S.L., provista de NIF\/CIF: B-66296179 e inscrito en: Registro Mercantil de Barcelona con los siguientes datos registrales: Tomo 44383, P\u00e1gina 40, Hoja B-454487, cuyo representante es: Sergio Ramos Verdegay (en adelante, Responsable del tratamiento). Sus datos de contacto son los siguientes:<br>\n<br>\nDirecci\u00f3n: Gran de Sant Andreu 56, 08030 Barcelona (Barcelona)<br>\nTel\u00e9fono de contacto: 932229000<br>\nFax:<br>\nEmail de contacto: gerencia@dentalsantandreu.com<br>\n<br>\nRegistro de Datos de Car\u00e1cter Personal<br>\nEn cumplimiento de lo establecido en el RGPD y la LOPD-GDD, le informamos que los datos personales recabados por Dental Sant Andreu, mediante los formularios extendidos en sus p\u00e1ginas quedar\u00e1n incorporados y ser\u00e1n tratados en nuestro fichero con el fin de poder facilitar, agilizar y cumplir los compromisos establecidos entre Dental Sant Andreu y el Usuario o el mantenimiento de la relaci\u00f3n que se establezca en los formularios que este rellene, o para atender una solicitud o consulta del mismo. Asimismo, de conformidad con lo previsto en el RGPD y la LOPD-GDD, salvo que sea de aplicaci\u00f3n la excepci\u00f3n prevista en el art\u00edculo 30.5 del RGPD, se mantiene un registro de actividades de tratamiento que especifica, seg\u00fan sus finalidades, las actividades de tratamiento llevadas a cabo y las dem\u00e1s circunstancias establecidas en el RGPD.<br>\n<br>\nPrincipios aplicables al tratamiento de los datos personales<br>\nEl tratamiento de los datos personales del Usuario se someter\u00e1 a los siguientes principios recogidos en el art\u00edculo 5 del RGPD y en el art\u00edculo 4 y siguientes de la Ley Org\u00e1nica 3\/2018, de 5 de diciembre, de Protecci\u00f3n de Datos Personales y garant\u00eda de los derechos digitales:<br>\n<br>\nPrincipio de licitud, lealtad y transparencia: se requerir\u00e1 en todo momento el consentimiento del Usuario previa informaci\u00f3n completamente transparente de los fines para los cuales se recogen los datos personales.<br>\nPrincipio de limitaci\u00f3n de la finalidad: los datos personales ser\u00e1n recogidos con fines determinados, expl\u00edcitos y leg\u00edtimos.<br>\nPrincipio de minimizaci\u00f3n de datos: los datos personales recogidos ser\u00e1n \u00fanicamente los estrictamente necesarios en relaci\u00f3n con los fines para los cuales son tratados.<br>\nPrincipio de exactitud: los datos personales deben ser exactos y estar siempre actualizados.<br>\nPrincipio de limitaci\u00f3n del plazo de conservaci\u00f3n: los datos personales solo ser\u00e1n mantenidos de forma que se permita la identificaci\u00f3n del Usuario durante el tiempo necesario para los fines de su tratamiento.<br>\nPrincipio de integridad y confidencialidad: los datos personales ser\u00e1n tratados de manera que se garantice su seguridad y confidencialidad.<br>\nPrincipio de responsabilidad proactiva: el Responsable del tratamiento ser\u00e1 responsable de asegurar que los principios anteriores se cumplen.<br>\n<br>\nCategor\u00edas de datos personales<br>\nLas categor\u00edas de datos que se tratan en Dental Sant Andreu son \u00fanicamente datos identificativos. En ning\u00fan caso, se tratan categor\u00edas especiales de datos personales en el sentido del art\u00edculo 9 del RGPD.<br>\n<br>\nLas categor\u00edas de datos que se tratan en Dental Sant Andreu son tanto datos identificativos como categor\u00edas especiales de datos personales en el sentido del art\u00edculo 9 del RGPD.<br>\n<br>\nSe entienden como categor\u00edas especiales de datos personales aquellos que revelen el origen \u00e9tnico o racial, las opiniones pol\u00edticas, las convicciones religiosas o filos\u00f3ficas, o la afiliaci\u00f3n sindical, y el tratamiento de datos gen\u00e9ticos, datos biom\u00e9tricos dirigidos a identificar de manera un\u00edvoca a una persona f\u00edsica, datos relativos a la salud o datos relativos a la vida sexual o la orientaci\u00f3n sexual de una persona f\u00edsica.<br>\n<br>\nPara el tratamiento de las categor\u00edas especiales de datos personales, ser\u00e1 necesario en todo caso el consentimiento expl\u00edcito del Usuario para uno o varios fines espec\u00edficos.<br>\n<br>\nBase legal para el tratamiento de los datos personales<br>\nLa base legal para el tratamiento de los datos personales es el consentimiento. Dental Sant Andreu se compromete a recabar el consentimiento expreso y verificable del Usuario para el tratamiento de sus datos personales para uno o varios fines espec\u00edficos.<br>\n<br>\nEl Usuario tendr\u00e1 derecho a retirar su consentimiento en cualquier momento. Ser\u00e1 tan f\u00e1cil retirar el consentimiento como darlo. Como regla general, la retirada del consentimiento no condicionar\u00e1 el uso del Sitio Web.<br>\n<br>\nEn las ocasiones en las que el Usuario deba o pueda facilitar sus datos a trav\u00e9s de formularios para realizar consultas, solicitar informaci\u00f3n o por motivos relacionados con el contenido del Sitio Web, se le informar\u00e1 en caso de que la cumplimentaci\u00f3n de alguno de ellos sea obligatoria debido a que los mismos sean imprescindibles para el correcto desarrollo de la operaci\u00f3n realizada.<br>\n<br>\nFines del tratamiento a que se destinan los datos personales<br>\nLos datos personales son recabados y gestionados por Dental Sant Andreu con la finalidad de poder facilitar, agilizar y cumplir los compromisos establecidos entre el Sitio Web y el Usuario o el mantenimiento de la relaci\u00f3n que se establezca en los formularios que este \u00faltimo rellene o para atender una solicitud o consulta.<br>\n<br>\nIgualmente, los datos podr\u00e1n ser utilizados con una finalidad comercial de personalizaci\u00f3n, operativa y estad\u00edstica, y actividades propias del objeto social de Dental Sant Andreu, as\u00ed como para la extracci\u00f3n, almacenamiento de datos y estudios de marketing para adecuar el Contenido ofertado al Usuario, as\u00ed como mejorar la calidad, funcionamiento y navegaci\u00f3n por el Sitio Web.<br>\n<br>\nEn el momento en que se obtengan los datos personales, se informar\u00e1 al Usuario acerca del fin o fines espec\u00edficos del tratamiento a que se destinar\u00e1n los datos personales; es decir, del uso o usos que se dar\u00e1 a la informaci\u00f3n recopilada.<br>\n<br>\nPer\u00edodos de retenci\u00f3n de los datos personales<br>\nLos datos personales solo ser\u00e1n retenidos durante el tiempo m\u00ednimo necesario para los fines de su tratamiento y, en todo caso, \u00fanicamente durante el siguiente plazo: 5 a\u00f1os, o hasta que el Usuario solicite su supresi\u00f3n.<br>\n<br>\nEn el momento en que se obtengan los datos personales, se informar\u00e1 al Usuario acerca del plazo durante el cual se conservar\u00e1n los datos personales o, cuando eso no sea posible, los criterios utilizados para determinar este plazo.<br>\n<br>\nDestinatarios de los datos personales<br>\nLos datos personales del Usuario no ser\u00e1n compartidos con terceros.<br>\n<br>\nEn cualquier caso, en el momento en que se obtengan los datos personales, se informar\u00e1 al Usuario acerca de los destinatarios o las categor\u00edas de destinatarios de los datos personales.<br>\n<br>\nLos datos personales del Usuario ser\u00e1n compartidos con los siguientes destinatarios o categor\u00edas de destinatarios:<br>\n<br>\nEn caso de que el Responsable del tratamiento tenga la intenci\u00f3n de transferir datos personales a un tercer pa\u00eds u organizaci\u00f3n internacional, en el momento en que se obtengan los datos personales, se informar\u00e1 al Usuario acerca del tercer pa\u00eds u organizaci\u00f3n internacional al cual se tiene la intenci\u00f3n de transferir los datos, as\u00ed como de la existencia o ausencia de una decisi\u00f3n de adecuaci\u00f3n de la Comisi\u00f3n.<br>\n<br>\nDatos personales de menores de edad<br>\nRespetando lo establecido en los art\u00edculos 8 del RGPD y 7 de la Ley Org\u00e1nica 3\/2018, de 5 de diciembre, de Protecci\u00f3n de Datos Personales y garant\u00eda de los derechos digitales, solo los mayores de 14 a\u00f1os podr\u00e1n otorgar su consentimiento para el tratamiento de sus datos personales de forma l\u00edcita por Dental Sant Andreu. Si se trata de un menor de 14 a\u00f1os, ser\u00e1 necesario el consentimiento de los padres o tutores para el tratamiento, y este solo se considerar\u00e1 l\u00edcito en la medida en la que los mismos lo hayan autorizado.<br>\n<br>\nSecreto y seguridad de los datos personales<br>\nDental Sant Andreu se compromete a adoptar las medidas t\u00e9cnicas y organizativas necesarias, seg\u00fan el nivel de seguridad adecuado al riesgo de los datos recogidos, de forma que se garantice la seguridad de los datos de car\u00e1cter personal y se evite la destrucci\u00f3n, p\u00e9rdida o alteraci\u00f3n accidental o il\u00edcita de datos personales transmitidos, conservados o tratados de otra forma, o la comunicaci\u00f3n o acceso no autorizados a dichos datos.<br>\n<br>\nEl Sitio Web cuenta con un certificado SSL (Secure Socket Layer), que asegura que los datos personales se transmiten de forma segura y confidencial, al ser la transmisi\u00f3n de los datos entre el servidor y el Usuario, y en retroalimentaci\u00f3n, totalmente cifrada o encriptada.<br>\n<br>\nSin embargo, debido a que Dental Sant Andreu no puede garantizar la inexpugnabilidad de internet ni la ausencia total de hackers u otros que accedan de modo fraudulento a los datos personales, el Responsable del tratamiento se compromete a comunicar al Usuario sin dilaci\u00f3n indebida cuando ocurra una violaci\u00f3n de la seguridad de los datos personales que sea probable que entra\u00f1e un alto riesgo para los derechos y libertades de las personas f\u00edsicas. Siguiendo lo establecido en el art\u00edculo 4 del RGPD, se entiende por violaci\u00f3n de la seguridad de los datos personales toda violaci\u00f3n de la seguridad que ocasione la destrucci\u00f3n, p\u00e9rdida o alteraci\u00f3n accidental o il\u00edcita de datos personales transmitidos, conservados o tratados de otra forma, o la comunicaci\u00f3n o acceso no autorizados a dichos datos.<br>\n<br>\nLos datos personales ser\u00e1n tratados como confidenciales por el Responsable del tratamiento, quien se compromete a informar de y a garantizar por medio de una obligaci\u00f3n legal o contractual que dicha confidencialidad sea respetada por sus empleados, asociados, y toda persona a la cual le haga accesible la informaci\u00f3n.<br>\n<br>\nDerechos derivados del tratamiento de los datos personales<br>\nEl Usuario tiene sobre Dental Sant Andreu y podr\u00e1, por tanto, ejercer frente al Responsable del tratamiento los siguientes derechos reconocidos en el RGPD y la Ley Org\u00e1nica 3\/2018, de 5 de diciembre, de Protecci\u00f3n de Datos Personales y garant\u00eda de los derechos digitales:<br>\n<br>\nDerecho de acceso: Es el derecho del Usuario a obtener confirmaci\u00f3n de si Dental Sant Andreu est\u00e1 tratando o no sus datos personales y, en caso afirmativo, obtener informaci\u00f3n sobre sus datos concretos de car\u00e1cter personal y del tratamiento que Dental Sant Andreu haya realizado o realice, as\u00ed como, entre otra, de la informaci\u00f3n disponible sobre el origen de dichos datos y los destinatarios de las comunicaciones realizadas o previstas de los mismos.<br>\nDerecho de rectificaci\u00f3n: Es el derecho del Usuario a que se modifiquen sus datos personales que resulten ser inexactos o, teniendo en cuenta los fines del tratamiento, incompletos.<br>\nDerecho de supresi\u00f3n (\u201cel derecho al olvido\u201d): Es el derecho del Usuario, siempre que la legislaci\u00f3n vigente no establezca lo contrario, a obtener la supresi\u00f3n de sus datos personales cuando estos ya no sean necesarios para los fines para los cuales fueron recogidos o tratados; el Usuario haya retirado su consentimiento al tratamiento y este no cuente con otra base legal; el Usuario se oponga al tratamiento y no exista otro motivo leg\u00edtimo para continuar con el mismo; los datos personales hayan sido tratados il\u00edcitamente; los datos personales deban suprimirse en cumplimiento de una obligaci\u00f3n legal; o los datos personales hayan sido obtenidos producto de una oferta directa de servicios de la sociedad de la informaci\u00f3n a un menor de 14 a\u00f1os. Adem\u00e1s de suprimir los datos, el Responsable del tratamiento, teniendo en cuenta la tecnolog\u00eda disponible y el coste de su aplicaci\u00f3n, deber\u00e1 adoptar medidas razonables para informar a los responsables que est\u00e9n tratando los datos personales de la solicitud del interesado de supresi\u00f3n de cualquier enlace a esos datos personales.<br>\nDerecho a la limitaci\u00f3n del tratamiento: Es el derecho del Usuario a limitar el tratamiento de sus datos personales. El Usuario tiene derecho a obtener la limitaci\u00f3n del tratamiento cuando impugne la exactitud de sus datos personales; el tratamiento sea il\u00edcito; el Responsable del tratamiento ya no necesite los datos personales, pero el Usuario lo necesite para hacer reclamaciones; y cuando el Usuario se haya opuesto al tratamiento.<br>\nDerecho a la portabilidad de los datos: En caso de que el tratamiento se efect\u00fae por medios automatizados, el Usuario tendr\u00e1 derecho a recibir del Responsable del tratamiento sus datos personales en un formato estructurado, de uso com\u00fan y lectura mec\u00e1nica, y a transmitirlos a otro responsable del tratamiento. Siempre que sea t\u00e9cnicamente posible, el Responsable del tratamiento transmitir\u00e1 directamente los datos a ese otro responsable.<br>\nDerecho de oposici\u00f3n: Es el derecho del Usuario a que no se lleve a cabo el tratamiento de sus datos de car\u00e1cter personal o se cese el tratamiento de los mismos por parte de Dental Sant Andreu.<br>\nDerecho a no ser objeto de una decisi\u00f3n basada \u00fanicamente en el tratamiento automatizado, incluida la elaboraci\u00f3n de perfiles: Es el derecho del Usuario a no ser objeto de una decisi\u00f3n individualizada basada \u00fanicamente en el tratamiento automatizado de sus datos personales, incluida la elaboraci\u00f3n de perfiles, existente salvo que la legislaci\u00f3n vigente establezca lo contrario.<br>\nAs\u00ed pues, el Usuario podr\u00e1 ejercitar sus derechos mediante comunicaci\u00f3n escrita dirigida al Responsable del tratamiento con la referencia \u201cRGPD-https:\/\/dentalsantandreu.com\/\u201c, especificando:<br>\n<br>\nNombre, apellidos del Usuario y copia del DNI. En los casos en que se admita la representaci\u00f3n, ser\u00e1 tambi\u00e9n necesaria la identificaci\u00f3n por el mismo medio de la persona que representa al Usuario, as\u00ed como el documento acreditativo de la representaci\u00f3n. La fotocopia del DNI podr\u00e1 ser sustituida, por cualquier otro medio v\u00e1lido en derecho que acredite la identidad.<br>\nPetici\u00f3n con los motivos espec\u00edficos de la solicitud o informaci\u00f3n a la que se quiere acceder.<br>\nDomicilio a efecto de notificaciones.<br>\nFecha y firma del solicitante.<br>\nTodo documento que acredite la petici\u00f3n que formula.<br>\nEsta solicitud y todo otro documento adjunto podr\u00e1 enviarse a la siguiente direcci\u00f3n y\/o correo electr\u00f3nico:<br>\n<br>\nDirecci\u00f3n postal: Gran de Sant Andreu 56, 08030 Barcelona (Barcelona)<br>\nCorreo electr\u00f3nico: gerencia@dentalsantandreu.com<br>\n<br>\nEnlaces a sitios web de terceros<br>\nEl Sitio Web puede incluir hiperv\u00ednculos o enlaces que permiten acceder a p\u00e1ginas web de terceros distintos de Dental Sant Andreu, y que por tanto no son operados por Dental Sant Andreu. Los titulares de dichos sitios web dispondr\u00e1n de sus propias pol\u00edticas de protecci\u00f3n de datos, siendo ellos mismos, en cada caso, responsables de sus propios ficheros y de sus propias pr\u00e1cticas de privacidad.<br>\n<br>\nReclamaciones ante la autoridad de control<br>\nEn caso de que el Usuario considere que existe un problema o infracci\u00f3n de la normativa vigente en la forma en la que se est\u00e1n tratando sus datos personales, tendr\u00e1 derecho a la tutela judicial efectiva y a presentar una reclamaci\u00f3n ante una autoridad de control, en particular, en el Estado en el que tenga su residencia habitual, lugar de trabajo o lugar de la supuesta infracci\u00f3n. En el caso de Espa\u00f1a, la autoridad de control es la Agencia Espa\u00f1ola de Protecci\u00f3n de Datos (https:\/\/www.aepd.es\/).<br>\n<br>\nII. ACEPTACI\u00d3N Y CAMBIOS EN ESTA POL\u00cdTICA DE PRIVACIDAD<br>\nEs necesario que el Usuario haya le\u00eddo y est\u00e9 conforme con las condiciones sobre la protecci\u00f3n de datos de car\u00e1cter personal contenidas en esta Pol\u00edtica de Privacidad, as\u00ed como que acepte el tratamiento de sus datos personales para que el Responsable del tratamiento pueda proceder al mismo en la forma, durante los plazos y para las finalidades indicadas. El uso del Sitio Web implicar\u00e1 la aceptaci\u00f3n de la Pol\u00edtica de Privacidad del mismo.<br>\n<br>\nDental Sant Andreu se reserva el derecho a modificar su Pol\u00edtica de Privacidad, de acuerdo con su propio criterio, o motivado por un cambio legislativo, jurisprudencial o doctrinal de la Agencia Espa\u00f1ola de Protecci\u00f3n de Datos. Los cambios o actualizaciones de esta Pol\u00edtica de Privacidad no ser\u00e1n notificados de forma expl\u00edcita al Usuario. Se recomienda al Usuario consultar esta p\u00e1gina de forma peri\u00f3dica para estar al tanto de los \u00faltimos cambios o actualizaciones.<br>\n<br>\nEsta Pol\u00edtica de Privacidad fue actualizada para adaptarse al Reglamento (UE) 2016\/679 del Parlamento Europeo y del Consejo, de 27 de abril de 2016, relativo a la protecci\u00f3n de las personas f\u00edsicas en lo que respecta al tratamiento de datos personales y a la libre circulaci\u00f3n de estos datos (RGPD) y a la Ley Org\u00e1nica 3\/2018, de 5 de diciembre, de Protecci\u00f3n de Datos Personales y garant\u00eda de los derechos digitales.<br><\/div><\/div><\/div><!-- .wpforms-field-container --><div class=\"wpforms-field wpforms-field-hp\"><label for=\"wpforms-13-field-hp\" class=\"wpforms-field-label\">Email<\/label><input type=\"text\" name=\"wpforms[hp]\" id=\"wpforms-13-field-hp\" class=\"wpforms-field-medium\"><\/div><div class=\"wpforms-submit-container\" ><input type=\"hidden\" name=\"wpforms[id]\" value=\"13\"><input type=\"hidden\" name=\"page_title\" value=\"\"><input type=\"hidden\" name=\"page_url\" value=\"https:\/\/dentalsantandreu.com\/es\/wp-json\/wp\/v2\/pages\/1765\"><input type=\"hidden\" name=\"url_referer\" value=\"\"><button type=\"submit\" name=\"wpforms[submit]\" id=\"wpforms-submit-13\" class=\"wpforms-submit\" data-alt-text=\"Demanant...\" data-submit-text=\"Demanar Cita\" aria-live=\"assertive\" value=\"wpforms-submit\">Pedir Cita<\/button><\/div><input type=\"hidden\" name=\"trp-form-language\" value=\"es\"\/><\/form><\/div>  <!-- .wpforms-container --><\/div>\n\t\t\t\t\t\t<\/div>\n\t\t\t\t<\/div>\n\t\t\t\t<\/div>\n\t\t<div class=\"elementor-element elementor-element-654187a e-con-full e-flex e-con e-child\" data-id=\"654187a\" data-element_type=\"container\" data-settings=\"{&quot;background_background&quot;:&quot;classic&quot;}\">\n\t\t\t\t<div class=\"elementor-element elementor-element-ce25864 elementor-widget__width-auto elementor-widget elementor-widget-google_maps\" data-id=\"ce25864\" data-element_type=\"widget\" data-widget_type=\"google_maps.default\">\n\t\t\t\t<div class=\"elementor-widget-container\">\n\t\t\t\t\t\t\t<div class=\"elementor-custom-embed\">\n\t\t\t<iframe loading=\"lazy\"\n\t\t\t\t\tsrc=\"https:\/\/maps.google.com\/maps?q=Carrer%20Gran%20de%20Sant%20Andreu%2C%2056%2C%20Sant%20Andreu%2C%2008030%20Barcelona&#038;t=m&#038;z=16&#038;output=embed&#038;iwloc=near\"\n\t\t\t\t\ttitle=\"Carrer Gran de Sant Andreu, 56, Sant Andreu, 08030 Barcelona\"\n\t\t\t\t\taria-label=\"Carrer Gran de Sant Andreu, 56, Sant Andreu, 08030 Barcelona\"\n\t\t\t><\/iframe>\n\t\t<\/div>\n\t\t\t\t\t\t<\/div>\n\t\t\t\t<\/div>\n\t\t\t\t<\/div>\n\t\t\t\t\t<\/div>\n\t\t\t\t<\/div>\n\t\t<div class=\"elementor-element elementor-element-c0d9c0d e-con-full e-flex e-con e-child\" data-id=\"c0d9c0d\" data-element_type=\"container\" data-settings=\"{&quot;background_background&quot;:&quot;classic&quot;}\">\n\t\t<div class=\"elementor-element elementor-element-e58377d e-con-full e-flex e-con e-child\" data-id=\"e58377d\" data-element_type=\"container\">\n\t\t\t\t<div class=\"elementor-element elementor-element-7f88ccb elementor-view-stacked elementor-position-left elementor-tablet-position-top elementor-shape-circle elementor-mobile-position-top elementor-widget elementor-widget-icon-box\" data-id=\"7f88ccb\" data-element_type=\"widget\" data-widget_type=\"icon-box.default\">\n\t\t\t\t<div class=\"elementor-widget-container\">\n\t\t\t\t\t\t\t<div class=\"elementor-icon-box-wrapper\">\n\n\t\t\t\t\t\t<div class=\"elementor-icon-box-icon\">\n\t\t\t\t<span  class=\"elementor-icon\">\n\t\t\t\t<svg aria-hidden=\"true\" class=\"e-font-icon-svg e-far-clock\" viewbox=\"0 0 512 512\" xmlns=\"http:\/\/www.w3.org\/2000\/svg\"><path d=\"M256 8C119 8 8 119 8 256s111 248 248 248 248-111 248-248S393 8 256 8zm0 448c-110.5 0-200-89.5-200-200S145.5 56 256 56s200 89.5 200 200-89.5 200-200 200zm61.8-104.4l-84.9-61.7c-3.1-2.3-4.9-5.9-4.9-9.7V116c0-6.6 5.4-12 12-12h32c6.6 0 12 5.4 12 12v141.7l66.8 48.6c5.4 3.9 6.5 11.4 2.6 16.8L334.6 349c-3.9 5.3-11.4 6.5-16.8 2.6z\"><\/path><\/svg>\t\t\t\t<\/span>\n\t\t\t<\/div>\n\t\t\t\n\t\t\t\t\t\t<div class=\"elementor-icon-box-content\">\n\n\t\t\t\t\t\t\t\t\t<h4 class=\"elementor-icon-box-title\">\n\t\t\t\t\t\t<span  >\n\t\t\t\t\t\t\tHorario<br>\t\t\t\t\t\t<\/span>\n\t\t\t\t\t<\/h4>\n\t\t\t\t\n\t\t\t\t\t\t\t\t\t<p class=\"elementor-icon-box-description\">\n\t\t\t\t\t\t<div style=\"justify-content: space-between;width: 100%;max-width: 600px;margin: auto;color: white\">\n    <div>\n        <p><strong>Lunes a Viernes:<\/strong><\/p>\n        <p><strong>S\u00e1bado:<\/strong><\/p>\n        <p><strong>Domingo:<\/strong><\/p>\n    <\/div>\n    <div>\n        <p>9:30\u201314:00 | 15:30\u201320:00<\/p>\n        <p>Cerrado<\/p>\n        <p>Cerrado<\/p>\n    <\/div>\n<\/div>\n\t\t\t\t\t<\/p>\n\t\t\t\t\n\t\t\t<\/div>\n\t\t\t\n\t\t<\/div>\n\t\t\t\t\t\t<\/div>\n\t\t\t\t<\/div>\n\t\t\t\t<\/div>\n\t\t<div class=\"elementor-element elementor-element-d090ee9 e-con-full e-flex e-con e-child\" data-id=\"d090ee9\" data-element_type=\"container\">\n\t\t\t\t<div class=\"elementor-element elementor-element-7dbcbfa elementor-view-stacked elementor-position-left elementor-tablet-position-top elementor-widget-tablet__width-initial elementor-shape-circle elementor-mobile-position-top elementor-widget elementor-widget-icon-box\" data-id=\"7dbcbfa\" data-element_type=\"widget\" data-widget_type=\"icon-box.default\">\n\t\t\t\t<div class=\"elementor-widget-container\">\n\t\t\t\t\t\t\t<div class=\"elementor-icon-box-wrapper\">\n\n\t\t\t\t\t\t<div class=\"elementor-icon-box-icon\">\n\t\t\t\t<a href=\"https:\/\/www.instagram.com\/dentalsantandreu\/?hl=es\" class=\"elementor-icon\" tabindex=\"-1\" aria-label=\"Instagram\">\n\t\t\t\t<svg aria-hidden=\"true\" class=\"e-font-icon-svg e-fab-instagram\" viewbox=\"0 0 448 512\" xmlns=\"http:\/\/www.w3.org\/2000\/svg\"><path d=\"M224.1 141c-63.6 0-114.9 51.3-114.9 114.9s51.3 114.9 114.9 114.9S339 319.5 339 255.9 287.7 141 224.1 141zm0 189.6c-41.1 0-74.7-33.5-74.7-74.7s33.5-74.7 74.7-74.7 74.7 33.5 74.7 74.7-33.6 74.7-74.7 74.7zm146.4-194.3c0 14.9-12 26.8-26.8 26.8-14.9 0-26.8-12-26.8-26.8s12-26.8 26.8-26.8 26.8 12 26.8 26.8zm76.1 27.2c-1.7-35.9-9.9-67.7-36.2-93.9-26.2-26.2-58-34.4-93.9-36.2-37-2.1-147.9-2.1-184.9 0-35.8 1.7-67.6 9.9-93.9 36.1s-34.4 58-36.2 93.9c-2.1 37-2.1 147.9 0 184.9 1.7 35.9 9.9 67.7 36.2 93.9s58 34.4 93.9 36.2c37 2.1 147.9 2.1 184.9 0 35.9-1.7 67.7-9.9 93.9-36.2 26.2-26.2 34.4-58 36.2-93.9 2.1-37 2.1-147.8 0-184.8zM398.8 388c-7.8 19.6-22.9 34.7-42.6 42.6-29.5 11.7-99.5 9-132.1 9s-102.7 2.6-132.1-9c-19.6-7.8-34.7-22.9-42.6-42.6-11.7-29.5-9-99.5-9-132.1s-2.6-102.7 9-132.1c7.8-19.6 22.9-34.7 42.6-42.6 29.5-11.7 99.5-9 132.1-9s102.7-2.6 132.1 9c19.6 7.8 34.7 22.9 42.6 42.6 11.7 29.5 9 99.5 9 132.1s2.7 102.7-9 132.1z\"><\/path><\/svg>\t\t\t\t<\/a>\n\t\t\t<\/div>\n\t\t\t\n\t\t\t\t\t\t<div class=\"elementor-icon-box-content\">\n\n\t\t\t\t\t\t\t\t\t<h4 class=\"elementor-icon-box-title\">\n\t\t\t\t\t\t<a href=\"https:\/\/www.instagram.com\/dentalsantandreu\/?hl=es\" >\n\t\t\t\t\t\t\tInstagram\t\t\t\t\t\t<\/a>\n\t\t\t\t\t<\/h4>\n\t\t\t\t\n\t\t\t\t\t\t\t\t\t<p class=\"elementor-icon-box-description\">\n\t\t\t\t\t\t\n\n<a href=\"https:\/\/www.instagram.com\/dentalsantandreu\/?hl=es\" style=\"text-decoration: none;color: white\">\n        @DentalSantAndreu\n<\/a>\t\t\t\t\t<\/p>\n\t\t\t\t\n\t\t\t<\/div>\n\t\t\t\n\t\t<\/div>\n\t\t\t\t\t\t<\/div>\n\t\t\t\t<\/div>\n\t\t\t\t<div class=\"elementor-element elementor-element-c143ecd elementor-view-stacked elementor-position-left elementor-tablet-position-top elementor-widget-mobile__width-initial elementor-shape-circle elementor-mobile-position-top elementor-widget elementor-widget-icon-box\" data-id=\"c143ecd\" data-element_type=\"widget\" data-widget_type=\"icon-box.default\">\n\t\t\t\t<div class=\"elementor-widget-container\">\n\t\t\t\t\t\t\t<div class=\"elementor-icon-box-wrapper\">\n\n\t\t\t\t\t\t<div class=\"elementor-icon-box-icon\">\n\t\t\t\t<a href=\"https:\/\/www.linkedin.com\/company\/centre-dental-sant-andreu\/about\/\" class=\"elementor-icon\" tabindex=\"-1\" aria-label=\"LinkedIn\">\n\t\t\t\t<svg aria-hidden=\"true\" class=\"e-font-icon-svg e-fab-linkedin-in\" viewbox=\"0 0 448 512\" xmlns=\"http:\/\/www.w3.org\/2000\/svg\"><path d=\"M100.28 448H7.4V148.9h92.88zM53.79 108.1C24.09 108.1 0 83.5 0 53.8a53.79 53.79 0 0 1 107.58 0c0 29.7-24.1 54.3-53.79 54.3zM447.9 448h-92.68V302.4c0-34.7-.7-79.2-48.29-79.2-48.29 0-55.69 37.7-55.69 76.7V448h-92.78V148.9h89.08v40.8h1.3c12.4-23.5 42.69-48.3 87.88-48.3 94 0 111.28 61.9 111.28 142.3V448z\"><\/path><\/svg>\t\t\t\t<\/a>\n\t\t\t<\/div>\n\t\t\t\n\t\t\t\t\t\t<div class=\"elementor-icon-box-content\">\n\n\t\t\t\t\t\t\t\t\t<h4 class=\"elementor-icon-box-title\">\n\t\t\t\t\t\t<a href=\"https:\/\/www.linkedin.com\/company\/centre-dental-sant-andreu\/about\/\" >\n\t\t\t\t\t\t\tLinkedIn\t\t\t\t\t\t<\/a>\n\t\t\t\t\t<\/h4>\n\t\t\t\t\n\t\t\t\t\t\t\t\t\t<p class=\"elementor-icon-box-description\">\n\t\t\t\t\t\t\n<a href=\"https:\/\/wa.me\/34932229000\" style=\"text-decoration: none;color: white\">\n        Dental Sant Andreu\n<\/a>\t\t\t\t\t<\/p>\n\t\t\t\t\n\t\t\t<\/div>\n\t\t\t\n\t\t<\/div>\n\t\t\t\t\t\t<\/div>\n\t\t\t\t<\/div>\n\t\t\t\t<\/div>\n\t\t<div class=\"elementor-element elementor-element-0e525d6 e-con-full e-flex e-con e-child\" data-id=\"0e525d6\" data-element_type=\"container\">\n\t\t\t\t<div class=\"elementor-element elementor-element-460d6b1 elementor-view-stacked elementor-position-left elementor-tablet-position-top elementor-widget-tablet__width-initial elementor-widget-mobile__width-initial elementor-shape-circle elementor-mobile-position-top elementor-widget elementor-widget-icon-box\" data-id=\"460d6b1\" data-element_type=\"widget\" data-widget_type=\"icon-box.default\">\n\t\t\t\t<div class=\"elementor-widget-container\">\n\t\t\t\t\t\t\t<div class=\"elementor-icon-box-wrapper\">\n\n\t\t\t\t\t\t<div class=\"elementor-icon-box-icon\">\n\t\t\t\t<a href=\"https:\/\/www.facebook.com\/centredentalsantandreu\/?locale=es_ES\" class=\"elementor-icon\" tabindex=\"-1\" aria-label=\"Facebook\">\n\t\t\t\t<svg aria-hidden=\"true\" class=\"e-font-icon-svg e-fab-facebook-f\" viewbox=\"0 0 320 512\" xmlns=\"http:\/\/www.w3.org\/2000\/svg\"><path d=\"M279.14 288l14.22-92.66h-88.91v-60.13c0-25.35 12.42-50.06 52.24-50.06h40.42V6.26S260.43 0 225.36 0c-73.22 0-121.08 44.38-121.08 124.72v70.62H22.89V288h81.39v224h100.17V288z\"><\/path><\/svg>\t\t\t\t<\/a>\n\t\t\t<\/div>\n\t\t\t\n\t\t\t\t\t\t<div class=\"elementor-icon-box-content\">\n\n\t\t\t\t\t\t\t\t\t<h4 class=\"elementor-icon-box-title\">\n\t\t\t\t\t\t<a href=\"https:\/\/www.facebook.com\/centredentalsantandreu\/?locale=es_ES\" >\n\t\t\t\t\t\t\tFacebook\t\t\t\t\t\t<\/a>\n\t\t\t\t\t<\/h4>\n\t\t\t\t\n\t\t\t\t\t\t\t\t\t<p class=\"elementor-icon-box-description\">\n\t\t\t\t\t\t<a href=\"https:\/\/www.facebook.com\/centredentalsantandreu\/?locale=es_ES\" style=\"text-decoration: none;color: white\">\n        Centre Dental Sant Andreu\n<\/a>\t\t\t\t\t<\/p>\n\t\t\t\t\n\t\t\t<\/div>\n\t\t\t\n\t\t<\/div>\n\t\t\t\t\t\t<\/div>\n\t\t\t\t<\/div>\n\t\t\t\t<div class=\"elementor-element elementor-element-4910400 elementor-view-stacked elementor-position-left elementor-tablet-position-top elementor-widget-mobile__width-initial elementor-shape-circle elementor-mobile-position-top elementor-widget elementor-widget-icon-box\" data-id=\"4910400\" data-element_type=\"widget\" data-widget_type=\"icon-box.default\">\n\t\t\t\t<div class=\"elementor-widget-container\">\n\t\t\t\t\t\t\t<div class=\"elementor-icon-box-wrapper\">\n\n\t\t\t\t\t\t<div class=\"elementor-icon-box-icon\">\n\t\t\t\t<a href=\"https:\/\/wa.me\/34674270698\" class=\"elementor-icon\" tabindex=\"-1\" aria-label=\"Whatsapp\">\n\t\t\t\t<svg aria-hidden=\"true\" class=\"e-font-icon-svg e-fab-whatsapp\" viewbox=\"0 0 448 512\" xmlns=\"http:\/\/www.w3.org\/2000\/svg\"><path d=\"M380.9 97.1C339 55.1 283.2 32 223.9 32c-122.4 0-222 99.6-222 222 0 39.1 10.2 77.3 29.6 111L0 480l117.7-30.9c32.4 17.7 68.9 27 106.1 27h.1c122.3 0 224.1-99.6 224.1-222 0-59.3-25.2-115-67.1-157zm-157 341.6c-33.2 0-65.7-8.9-94-25.7l-6.7-4-69.8 18.3L72 359.2l-4.4-7c-18.5-29.4-28.2-63.3-28.2-98.2 0-101.7 82.8-184.5 184.6-184.5 49.3 0 95.6 19.2 130.4 54.1 34.8 34.9 56.2 81.2 56.1 130.5 0 101.8-84.9 184.6-186.6 184.6zm101.2-138.2c-5.5-2.8-32.8-16.2-37.9-18-5.1-1.9-8.8-2.8-12.5 2.8-3.7 5.6-14.3 18-17.6 21.8-3.2 3.7-6.5 4.2-12 1.4-32.6-16.3-54-29.1-75.5-66-5.7-9.8 5.7-9.1 16.3-30.3 1.8-3.7.9-6.9-.5-9.7-1.4-2.8-12.5-30.1-17.1-41.2-4.5-10.8-9.1-9.3-12.5-9.5-3.2-.2-6.9-.2-10.6-.2-3.7 0-9.7 1.4-14.8 6.9-5.1 5.6-19.4 19-19.4 46.3 0 27.3 19.9 53.7 22.6 57.4 2.8 3.7 39.1 59.7 94.8 83.8 35.2 15.2 49 16.5 66.6 13.9 10.7-1.6 32.8-13.4 37.4-26.4 4.6-13 4.6-24.1 3.2-26.4-1.3-2.5-5-3.9-10.5-6.6z\"><\/path><\/svg>\t\t\t\t<\/a>\n\t\t\t<\/div>\n\t\t\t\n\t\t\t\t\t\t<div class=\"elementor-icon-box-content\">\n\n\t\t\t\t\t\t\t\t\t<h4 class=\"elementor-icon-box-title\">\n\t\t\t\t\t\t<a href=\"https:\/\/wa.me\/34674270698\" >\n\t\t\t\t\t\t\tWhatsapp\t\t\t\t\t\t<\/a>\n\t\t\t\t\t<\/h4>\n\t\t\t\t\n\t\t\t\t\t\t\t\t\t<p class=\"elementor-icon-box-description\">\n\t\t\t\t\t\t<a href=\"https:\/\/wa.me\/34674270698\" style=\"text-decoration: none;color: white\">\n        674 27 06 98\n<\/a>\t\t\t\t\t<\/p>\n\t\t\t\t\n\t\t\t<\/div>\n\t\t\t\n\t\t<\/div>\n\t\t\t\t\t\t<\/div>\n\t\t\t\t<\/div>\n\t\t\t\t<\/div>\n\t\t\t\t<\/div>\n\t\t\t\t<\/div>\n\t\t\t\t\t<\/div>\n\t\t\t\t<\/div>\n\t\t\t\t<\/div>","protected":false},"excerpt":{"rendered":"<p>Contacta amb Dental Sant Andreu A Dental Sant Andreu cuidem la teva salut bucodental amb un tracte proper, professional i personalitzat.Si tens qualsevol dubte, vols demanar informaci\u00f3 sobre un tractament o reservar una cita, el nostre equip estar\u00e0 encantat d\u2019atendre\u2019t i ajudar-te en tot el que necessitis. Com pots contactar amb Dental Sant Andreu? Pots [&hellip;]<\/p>","protected":false},"author":1,"featured_media":0,"parent":0,"menu_order":0,"comment_status":"closed","ping_status":"closed","template":"","meta":{"site-sidebar-layout":"no-sidebar","site-content-layout":"page-builder","ast-site-content-layout":"full-width-container","site-content-style":"default","site-sidebar-style":"default","ast-global-header-display":"","ast-banner-title-visibility":"","ast-main-header-display":"","ast-hfb-above-header-display":"","ast-hfb-below-header-display":"","ast-hfb-mobile-header-display":"","site-post-title":"disabled","ast-breadcrumbs-content":"","ast-featured-img":"disabled","footer-sml-layout":"","theme-transparent-header-meta":"","adv-header-id-meta":"","stick-header-meta":"","header-above-stick-meta":"","header-main-stick-meta":"","header-below-stick-meta":"","astra-migrate-meta-layouts":"set","ast-page-background-enabled":"default","ast-page-background-meta":{"desktop":{"background-color":"","background-image":"","background-repeat":"repeat","background-position":"center center","background-size":"auto","background-attachment":"scroll","background-type":"","background-media":"","overlay-type":"","overlay-color":"","overlay-opacity":"","overlay-gradient":""},"tablet":{"background-color":"","background-image":"","background-repeat":"repeat","background-position":"center center","background-size":"auto","background-attachment":"scroll","background-type":"","background-media":"","overlay-type":"","overlay-color":"","overlay-opacity":"","overlay-gradient":""},"mobile":{"background-color":"","background-image":"","background-repeat":"repeat","background-position":"center center","background-size":"auto","background-attachment":"scroll","background-type":"","background-media":"","overlay-type":"","overlay-color":"","overlay-opacity":"","overlay-gradient":""}},"ast-content-background-meta":{"desktop":{"background-color":"var(--ast-global-color-5)","background-image":"","background-repeat":"repeat","background-position":"center center","background-size":"auto","background-attachment":"scroll","background-type":"","background-media":"","overlay-type":"","overlay-color":"","overlay-opacity":"","overlay-gradient":""},"tablet":{"background-color":"var(--ast-global-color-5)","background-image":"","background-repeat":"repeat","background-position":"center center","background-size":"auto","background-attachment":"scroll","background-type":"","background-media":"","overlay-type":"","overlay-color":"","overlay-opacity":"","overlay-gradient":""},"mobile":{"background-color":"var(--ast-global-color-5)","background-image":"","background-repeat":"repeat","background-position":"center center","background-size":"auto","background-attachment":"scroll","background-type":"","background-media":"","overlay-type":"","overlay-color":"","overlay-opacity":"","overlay-gradient":""}},"footnotes":""},"class_list":["post-1765","page","type-page","status-publish","hentry"],"yoast_head":"<!-- This site is optimized with the Yoast SEO plugin v26.5 - https:\/\/yoast.com\/wordpress\/plugins\/seo\/ -->\n<title>Contacte | Dental Sant Andreu \u00b7 Cl\u00ednica dental a Barcelona<\/title>\n<meta name=\"description\" content=\"Contacta amb Dental Sant Andreu i demana la teva cita. Som una cl\u00ednica dental al barri de Sant Andreu, Barcelona, amb atenci\u00f3 propera i professional.\" \/>\n<meta name=\"robots\" content=\"index, follow, max-snippet:-1, max-image-preview:large, max-video-preview:-1\" \/>\n<link rel=\"canonical\" href=\"https:\/\/dentalsantandreu.com\/es\/contacte\/\" \/>\n<meta property=\"og:locale\" content=\"es_ES\" \/>\n<meta property=\"og:type\" content=\"article\" \/>\n<meta property=\"og:title\" content=\"Contacte | Dental Sant Andreu \u00b7 Cl\u00ednica dental a Barcelona\" \/>\n<meta property=\"og:description\" content=\"Contacta amb Dental Sant Andreu i demana la teva cita. Som una cl\u00ednica dental al barri de Sant Andreu, Barcelona, amb atenci\u00f3 propera i professional.\" \/>\n<meta property=\"og:url\" content=\"https:\/\/dentalsantandreu.com\/es\/contacte\/\" \/>\n<meta property=\"og:site_name\" content=\"Dental Sant Andreu\" \/>\n<meta property=\"article:modified_time\" content=\"2026-01-26T15:33:27+00:00\" \/>\n<meta name=\"twitter:card\" content=\"summary_large_image\" \/>\n<meta name=\"twitter:label1\" content=\"Tiempo de lectura\" \/>\n\t<meta name=\"twitter:data1\" content=\"1 minuto\" \/>\n<script type=\"application\/ld+json\" class=\"yoast-schema-graph\">{\"@context\":\"https:\/\/schema.org\",\"@graph\":[{\"@type\":\"WebPage\",\"@id\":\"https:\/\/dentalsantandreu.com\/contacte\/\",\"url\":\"https:\/\/dentalsantandreu.com\/contacte\/\",\"name\":\"Contacte | Dental Sant Andreu \u00b7 Cl\u00ednica dental a Barcelona\",\"isPartOf\":{\"@id\":\"https:\/\/dentalsantandreu.com\/#website\"},\"datePublished\":\"2025-02-01T20:02:16+00:00\",\"dateModified\":\"2026-01-26T15:33:27+00:00\",\"description\":\"Contacta amb Dental Sant Andreu i demana la teva cita. Som una cl\u00ednica dental al barri de Sant Andreu, Barcelona, amb atenci\u00f3 propera i professional.\",\"breadcrumb\":{\"@id\":\"https:\/\/dentalsantandreu.com\/contacte\/#breadcrumb\"},\"inLanguage\":\"es\",\"potentialAction\":[{\"@type\":\"ReadAction\",\"target\":[\"https:\/\/dentalsantandreu.com\/contacte\/\"]}]},{\"@type\":\"BreadcrumbList\",\"@id\":\"https:\/\/dentalsantandreu.com\/contacte\/#breadcrumb\",\"itemListElement\":[{\"@type\":\"ListItem\",\"position\":1,\"name\":\"Inici\",\"item\":\"https:\/\/dentalsantandreu.com\/\"},{\"@type\":\"ListItem\",\"position\":2,\"name\":\"Contacte\"}]},{\"@type\":\"WebSite\",\"@id\":\"https:\/\/dentalsantandreu.com\/#website\",\"url\":\"https:\/\/dentalsantandreu.com\/\",\"name\":\"Dental Sant Andreu\",\"description\":\"\",\"publisher\":{\"@id\":\"https:\/\/dentalsantandreu.com\/#organization\"},\"potentialAction\":[{\"@type\":\"SearchAction\",\"target\":{\"@type\":\"EntryPoint\",\"urlTemplate\":\"https:\/\/dentalsantandreu.com\/?s={search_term_string}\"},\"query-input\":{\"@type\":\"PropertyValueSpecification\",\"valueRequired\":true,\"valueName\":\"search_term_string\"}}],\"inLanguage\":\"es\"},{\"@type\":\"Organization\",\"@id\":\"https:\/\/dentalsantandreu.com\/#organization\",\"name\":\"Dental Sant Andreu\",\"url\":\"https:\/\/dentalsantandreu.com\/\",\"logo\":{\"@type\":\"ImageObject\",\"inLanguage\":\"es\",\"@id\":\"https:\/\/dentalsantandreu.com\/#\/schema\/logo\/image\/\",\"url\":\"https:\/\/dentalsantandreu.com\/wp-content\/uploads\/2025\/01\/Logo_DentalSantAndreu.png\",\"contentUrl\":\"https:\/\/dentalsantandreu.com\/wp-content\/uploads\/2025\/01\/Logo_DentalSantAndreu.png\",\"width\":1299,\"height\":728,\"caption\":\"Dental Sant Andreu\"},\"image\":{\"@id\":\"https:\/\/dentalsantandreu.com\/#\/schema\/logo\/image\/\"}}]}<\/script>\n<!-- \/ Yoast SEO plugin. -->","yoast_head_json":{"title":"Contacte | Dental Sant Andreu \u00b7 Cl\u00ednica dental a Barcelona","description":"Contacta amb Dental Sant Andreu i demana la teva cita. Som una cl\u00ednica dental al barri de Sant Andreu, Barcelona, amb atenci\u00f3 propera i professional.","robots":{"index":"index","follow":"follow","max-snippet":"max-snippet:-1","max-image-preview":"max-image-preview:large","max-video-preview":"max-video-preview:-1"},"canonical":"https:\/\/dentalsantandreu.com\/es\/contacte\/","og_locale":"es_ES","og_type":"article","og_title":"Contacte | Dental Sant Andreu \u00b7 Cl\u00ednica dental a Barcelona","og_description":"Contacta amb Dental Sant Andreu i demana la teva cita. Som una cl\u00ednica dental al barri de Sant Andreu, Barcelona, amb atenci\u00f3 propera i professional.","og_url":"https:\/\/dentalsantandreu.com\/es\/contacte\/","og_site_name":"Dental Sant Andreu","article_modified_time":"2026-01-26T15:33:27+00:00","twitter_card":"summary_large_image","twitter_misc":{"Tiempo de lectura":"1 minuto"},"schema":{"@context":"https:\/\/schema.org","@graph":[{"@type":"WebPage","@id":"https:\/\/dentalsantandreu.com\/contacte\/","url":"https:\/\/dentalsantandreu.com\/contacte\/","name":"Contacte | Dental Sant Andreu \u00b7 Cl\u00ednica dental a Barcelona","isPartOf":{"@id":"https:\/\/dentalsantandreu.com\/#website"},"datePublished":"2025-02-01T20:02:16+00:00","dateModified":"2026-01-26T15:33:27+00:00","description":"Contacta amb Dental Sant Andreu i demana la teva cita. Som una cl\u00ednica dental al barri de Sant Andreu, Barcelona, amb atenci\u00f3 propera i professional.","breadcrumb":{"@id":"https:\/\/dentalsantandreu.com\/contacte\/#breadcrumb"},"inLanguage":"es","potentialAction":[{"@type":"ReadAction","target":["https:\/\/dentalsantandreu.com\/contacte\/"]}]},{"@type":"BreadcrumbList","@id":"https:\/\/dentalsantandreu.com\/contacte\/#breadcrumb","itemListElement":[{"@type":"ListItem","position":1,"name":"Inici","item":"https:\/\/dentalsantandreu.com\/"},{"@type":"ListItem","position":2,"name":"Contacte"}]},{"@type":"WebSite","@id":"https:\/\/dentalsantandreu.com\/#website","url":"https:\/\/dentalsantandreu.com\/","name":"Dental Sant Andreu","description":"","publisher":{"@id":"https:\/\/dentalsantandreu.com\/#organization"},"potentialAction":[{"@type":"SearchAction","target":{"@type":"EntryPoint","urlTemplate":"https:\/\/dentalsantandreu.com\/?s={search_term_string}"},"query-input":{"@type":"PropertyValueSpecification","valueRequired":true,"valueName":"search_term_string"}}],"inLanguage":"es"},{"@type":"Organization","@id":"https:\/\/dentalsantandreu.com\/#organization","name":"Dental Sant Andreu","url":"https:\/\/dentalsantandreu.com\/","logo":{"@type":"ImageObject","inLanguage":"es","@id":"https:\/\/dentalsantandreu.com\/#\/schema\/logo\/image\/","url":"https:\/\/dentalsantandreu.com\/wp-content\/uploads\/2025\/01\/Logo_DentalSantAndreu.png","contentUrl":"https:\/\/dentalsantandreu.com\/wp-content\/uploads\/2025\/01\/Logo_DentalSantAndreu.png","width":1299,"height":728,"caption":"Dental Sant Andreu"},"image":{"@id":"https:\/\/dentalsantandreu.com\/#\/schema\/logo\/image\/"}}]}},"_links":{"self":[{"href":"https:\/\/dentalsantandreu.com\/es\/wp-json\/wp\/v2\/pages\/1765","targetHints":{"allow":["GET"]}}],"collection":[{"href":"https:\/\/dentalsantandreu.com\/es\/wp-json\/wp\/v2\/pages"}],"about":[{"href":"https:\/\/dentalsantandreu.com\/es\/wp-json\/wp\/v2\/types\/page"}],"author":[{"embeddable":true,"href":"https:\/\/dentalsantandreu.com\/es\/wp-json\/wp\/v2\/users\/1"}],"replies":[{"embeddable":true,"href":"https:\/\/dentalsantandreu.com\/es\/wp-json\/wp\/v2\/comments?post=1765"}],"version-history":[{"count":113,"href":"https:\/\/dentalsantandreu.com\/es\/wp-json\/wp\/v2\/pages\/1765\/revisions"}],"predecessor-version":[{"id":2676,"href":"https:\/\/dentalsantandreu.com\/es\/wp-json\/wp\/v2\/pages\/1765\/revisions\/2676"}],"wp:attachment":[{"href":"https:\/\/dentalsantandreu.com\/es\/wp-json\/wp\/v2\/media?parent=1765"}],"curies":[{"name":"wp","href":"https:\/\/api.w.org\/{rel}","templated":true}]}}